{"id":1141,"date":"2023-09-26T12:20:12","date_gmt":"2023-09-26T12:20:12","guid":{"rendered":"https:\/\/portana.artkvisual.com\/?page_id=1141"},"modified":"2024-08-31T12:13:37","modified_gmt":"2024-08-31T12:13:37","slug":"reserva","status":"publish","type":"page","link":"https:\/\/www.portanaviajes.com\/en\/reserva\/","title":{"rendered":"Reserva"},"content":{"rendered":"<div data-elementor-type=\"wp-page\" data-elementor-id=\"1141\" class=\"elementor elementor-1141\">\n\t\t\t\t\t\t<section class=\"elementor-section elementor-top-section elementor-element elementor-element-775fa75 elementor-section-boxed elementor-section-height-default elementor-section-height-default\" data-id=\"775fa75\" data-element_type=\"section\" data-e-type=\"section\">\n\t\t\t\t\t\t<div class=\"elementor-container elementor-column-gap-default\">\n\t\t\t\t\t<div class=\"elementor-column elementor-col-100 elementor-top-column elementor-element elementor-element-48051a5\" data-id=\"48051a5\" data-element_type=\"column\" data-e-type=\"column\">\n\t\t\t<div class=\"elementor-widget-wrap elementor-element-populated\">\n\t\t\t\t\t\t<div class=\"elementor-element elementor-element-8f6b5fc elementor-widget elementor-widget-heading\" data-id=\"8f6b5fc\" data-element_type=\"widget\" data-e-type=\"widget\" data-widget_type=\"heading.default\">\n\t\t\t\t<div class=\"elementor-widget-container\">\n\t\t\t\t\t<h2 class=\"elementor-heading-title elementor-size-default\">Desglose de precios<\/h2>\t\t\t\t<\/div>\n\t\t\t\t<\/div>\n\t\t\t\t\t<\/div>\n\t\t<\/div>\n\t\t\t\t\t<\/div>\n\t\t<\/section>\n\t\t\t\t<section class=\"elementor-section elementor-top-section elementor-element elementor-element-ac1bdd4 elementor-section-boxed elementor-section-height-default elementor-section-height-default\" data-id=\"ac1bdd4\" data-element_type=\"section\" data-e-type=\"section\">\n\t\t\t\t\t\t<div class=\"elementor-container elementor-column-gap-default\">\n\t\t\t\t\t<div class=\"elementor-column elementor-col-100 elementor-top-column elementor-element elementor-element-bb52933\" data-id=\"bb52933\" data-element_type=\"column\" data-e-type=\"column\">\n\t\t\t<div class=\"elementor-widget-wrap elementor-element-populated\">\n\t\t\t\t\t\t<div class=\"elementor-element elementor-element-2fb10f4 elementor-widget elementor-widget-image\" data-id=\"2fb10f4\" data-element_type=\"widget\" data-e-type=\"widget\" data-widget_type=\"image.default\">\n\t\t\t\t<div class=\"elementor-widget-container\">\n\t\t\t\t\t\t\t\t\t\t\t\t\t\t\t<img fetchpriority=\"high\" decoding=\"async\" width=\"900\" height=\"549\" src=\"https:\/\/www.portanaviajes.com\/wp-content\/uploads\/2023\/09\/Desglose-de-precios-portana-1024x625.png\" class=\"attachment-large size-large wp-image-1137\" alt=\"\" srcset=\"https:\/\/www.portanaviajes.com\/wp-content\/uploads\/2023\/09\/Desglose-de-precios-portana-1024x625.png 1024w, https:\/\/www.portanaviajes.com\/wp-content\/uploads\/2023\/09\/Desglose-de-precios-portana-300x183.png 300w, https:\/\/www.portanaviajes.com\/wp-content\/uploads\/2023\/09\/Desglose-de-precios-portana-768x468.png 768w, https:\/\/www.portanaviajes.com\/wp-content\/uploads\/2023\/09\/Desglose-de-precios-portana-18x12.png 18w, https:\/\/www.portanaviajes.com\/wp-content\/uploads\/2023\/09\/Desglose-de-precios-portana.png 1187w\" sizes=\"(max-width: 900px) 100vw, 900px\" \/>\t\t\t\t\t\t\t\t\t\t\t\t\t\t\t<\/div>\n\t\t\t\t<\/div>\n\t\t\t\t\t<\/div>\n\t\t<\/div>\n\t\t\t\t\t<\/div>\n\t\t<\/section>\n\t\t\t\t<section class=\"elementor-section elementor-top-section elementor-element elementor-element-81c76fa elementor-section-boxed elementor-section-height-default elementor-section-height-default\" data-id=\"81c76fa\" data-element_type=\"section\" data-e-type=\"section\">\n\t\t\t\t\t\t<div class=\"elementor-container elementor-column-gap-default\">\n\t\t\t\t\t<div class=\"elementor-column elementor-col-100 elementor-top-column elementor-element elementor-element-111c2c7\" data-id=\"111c2c7\" data-element_type=\"column\" data-e-type=\"column\">\n\t\t\t<div class=\"elementor-widget-wrap elementor-element-populated\">\n\t\t\t\t\t\t<div class=\"elementor-element elementor-element-da29ccb elementor-widget elementor-widget-travol-table-list\" data-id=\"da29ccb\" data-element_type=\"widget\" data-e-type=\"widget\" data-widget_type=\"travol-table-list.default\">\n\t\t\t\t<div class=\"elementor-widget-container\">\n\t\t\t\t\t\t\t<div class=\"tour-page\">\n\t\t\t\t\t<div class=\"tour-page time-table-price\"> <span>Est\u00e1 incluido en el precio:<\/span>\n                <ul class=\"tour-page time-table-price-include\">\n                    \t\t\t\t\t<li>\n\t\t\t\t\t<p>\t\t\t\t\t\t\t\t\t\t<i class=\"ti-check\"><\/i>\n\t\t\t\t\t\t\t\t\t\t\t\t\t\t\tSeguros de asistencia, rescate y responsabilidad civil a la persona.<\/p>\n\t\t\t\t\t<\/li>\n\t\t\t\t\t\t\t\t\t\t<li>\n\t\t\t\t\t<p>\t\t\t\t\t\t\t\t\t\t<i class=\"ti-check\"><\/i>\n\t\t\t\t\t\t\t\t\t\t\t\t\t\t\tAlojamiento con desayuno y cena en habitaci\u00f3n doble compartida.\n<\/p>\n\t\t\t\t\t<\/li>\n\t\t\t\t\t\t\t\t\t\t<li>\n\t\t\t\t\t<p>\t\t\t\t\t\t\t\t\t\t<i aria-hidden=\"true\" class=\"ti-check\"><\/i> \n\t\t\t\t\t\t\t\t\t\t\t\t\t\t\tGarant\u00eda con car\u00e1cter general por importe de 100.000 \u20ac<\/p>\n\t\t\t\t\t<\/li>\n\t\t\t\t\t\t\t\t\t\t<li>\n\t\t\t\t\t<p>\t\t\t\t\t\t\t\t\t\t<i class=\"ti-check\"><\/i>\n\t\t\t\t\t\t\t\t\t\t\t\t\t\t\tAvituallamiento y comida en ruta.\n<\/p>\n\t\t\t\t\t<\/li>\n\t\t\t\t\t\t\t\t\t\t<li>\n\t\t\t\t\t<p>\t\t\t\t\t\t\t\t\t\t<i class=\"ti-check\"><\/i>\n\t\t\t\t\t\t\t\t\t\t\t\t\t\t\tAsistencia durante todo el recorrido.\n<\/p>\n\t\t\t\t\t<\/li>\n\t\t\t\t\t\t\t\t\t\t<li>\n\t\t\t\t\t<p>\t\t\t\t\t\t\t\t\t\t<i class=\"ti-check\"><\/i>\n\t\t\t\t\t\t\t\t\t\t\t\t\t\t\tRut\u00f3metros (excepto series) y tracks.\n<\/p>\n\t\t\t\t\t<\/li>\n\t\t\t\t\t\t\t\t\t\t<li>\n\t\t\t\t\t<p>\t\t\t\t\t\t\t\t\t\t<i aria-hidden=\"true\" class=\"ti-check\"><\/i> \n\t\t\t\t\t\t\t\t\t\t\t\t\t\t\tCurso de conducci\u00f3n trail y navegaci\u00f3n.\n<\/p>\n\t\t\t\t\t<\/li>\n\t\t\t\t\t\t\t\t\t\t<li>\n\t\t\t\t\t<p>\t\t\t\t\t\t\t\t\t\t<i aria-hidden=\"true\" class=\"ti-check\"><\/i> \n\t\t\t\t\t\t\t\t\t\t\t\t\t\t\tGu\u00edas profesionales.\n<\/p>\n\t\t\t\t\t<\/li>\n\t\t\t\t\t\t\t\t\t\t<li>\n\t\t\t\t\t<p>\t\t\t\t\t\t\t\t\t\t<i aria-hidden=\"true\" class=\"ti-check\"><\/i> \n\t\t\t\t\t\t\t\t\t\t\t\t\t\t\tPel\u00edcula en Relive y\/o v\u00eddeo.\n<\/p>\n\t\t\t\t\t<\/li>\n\t\t\t\t\t\t\t\t\t\t<li>\n\t\t\t\t\t<p>\t\t\t\t\t\t\t\t\t\t<i aria-hidden=\"true\" class=\"ti-check\"><\/i> \n\t\t\t\t\t\t\t\t\t\t\t\t\t\t\tGeolocalizaci\u00f3n y seguimiento.<\/p>\n\t\t\t\t\t<\/li>\n\t\t\t\t\t\t\t\t\t\t<li>\n\t\t\t\t\t<p>\t\t\t\t\t\t\t\t\t\t<i aria-hidden=\"true\" class=\"ti-check\"><\/i> \n\t\t\t\t\t\t\t\t\t\t\t\t\t\t\tDesplazamiento del equipaje entre cada etapa.<\/p>\n\t\t\t\t\t<\/li>\n\t\t\t\t\t\t\t\t\t\t<li>\n\t\t\t\t\t<p>\t\t\t\t\t\t\t\t\t\t<i aria-hidden=\"true\" class=\"ti-check\"><\/i> \n\t\t\t\t\t\t\t\t\t\t\t\t\t\t\tAutorizaciones y permisos de la Consejer\u00eda de Sostenibilidad, Medio Ambiente y Econom\u00eda Azul.<\/p>\n\t\t\t\t\t<\/li>\n\t\t\t\t\t\t\t\t\t\t<li>\n\t\t\t\t\t<p>\t\t\t\t\t\t\t\t\t\t<i aria-hidden=\"true\" class=\"ti-check\"><\/i> \n\t\t\t\t\t\t\t\t\t\t\t\t\t\t\tImpuestos y tasas.<\/p>\n\t\t\t\t\t<\/li>\n\t\t\t\t\t                <\/ul>\n            <\/div>\n\t\t\t\t<\/div>\t\n        \t\t\t\t<\/div>\n\t\t\t\t<\/div>\n\t\t\t\t<div class=\"elementor-element elementor-element-472bdb7 elementor-widget elementor-widget-travol-table-list\" data-id=\"472bdb7\" data-element_type=\"widget\" data-e-type=\"widget\" data-widget_type=\"travol-table-list.default\">\n\t\t\t\t<div class=\"elementor-widget-container\">\n\t\t\t\t\t\t\t<div class=\"tour-page\">\n\t\t\t\t\t<div class=\"tour-page time-table-price\"> <span>No est\u00e1 incluido en el precio:<\/span>\n                <ul class=\"tour-page time-table-price-include\">\n                    \t\t\t\t\t<li>\n\t\t\t\t\t<p>\t\t\t\t\t\t\t\t\t\t<i class=\"ti-close\"><\/i>\n\t\t\t\t\t\t\t\t\t\t\t\t\t\t\tComidas y bebidas fuera del men\u00fa.\n<\/p>\n\t\t\t\t\t<\/li>\n\t\t\t\t\t\t\t\t\t\t<li>\n\t\t\t\t\t<p>\t\t\t\t\t\t\t\t\t\t<i class=\"ti-close\"><\/i>\n\t\t\t\t\t\t\t\t\t\t\t\t\t\t\tHabitaci\u00f3n de uso individual.<\/p>\n\t\t\t\t\t<\/li>\n\t\t\t\t\t\t\t\t\t\t<li>\n\t\t\t\t\t<p>\t\t\t\t\t\t\t\t\t\t<i class=\"ti-close\"><\/i>\n\t\t\t\t\t\t\t\t\t\t\t\t\t\t\tActividades extraordinarias.<\/p>\n\t\t\t\t\t<\/li>\n\t\t\t\t\t                <\/ul>\n            <\/div>\n\t\t\t\t<\/div>\t\n        \t\t\t\t<\/div>\n\t\t\t\t<\/div>\n\t\t\t\t\t<\/div>\n\t\t<\/div>\n\t\t\t\t\t<\/div>\n\t\t<\/section>\n\t\t\t\t<section class=\"elementor-section elementor-top-section elementor-element elementor-element-3b9c4928 elementor-section-boxed elementor-section-height-default elementor-section-height-default\" data-id=\"3b9c4928\" data-element_type=\"section\" data-e-type=\"section\">\n\t\t\t\t\t\t<div class=\"elementor-container elementor-column-gap-narrow\">\n\t\t\t\t\t<div class=\"elementor-column elementor-col-100 elementor-top-column elementor-element elementor-element-2895e317\" data-id=\"2895e317\" data-element_type=\"column\" data-e-type=\"column\">\n\t\t\t<div class=\"elementor-widget-wrap elementor-element-populated\">\n\t\t\t\t\t\t<div class=\"elementor-section elementor-inner-section elementor-element elementor-element-689fa4f7 elementor-section-full_width elementor-section-height-default elementor-section-height-default\" data-id=\"689fa4f7\" data-element_type=\"section\" data-e-type=\"section\">\n\t\t\t\t\t\t<div class=\"elementor-container elementor-column-gap-default\">\n\t\t\t\t\t<div class=\"elementor-column elementor-col-100 elementor-inner-column elementor-element elementor-element-de22d15\" data-id=\"de22d15\" data-element_type=\"column\" data-e-type=\"column\" data-settings=\"{&quot;animation&quot;:&quot;none&quot;}\">\n\t\t\t<div class=\"elementor-widget-wrap elementor-element-populated\">\n\t\t\t\t\t\t<div class=\"elementor-element elementor-element-a56fb03 elementor-widget elementor-widget-text-editor\" data-id=\"a56fb03\" data-element_type=\"widget\" data-e-type=\"widget\" data-widget_type=\"text-editor.default\">\n\t\t\t\t<div class=\"elementor-widget-container\">\n\t\t\t\t\t\t\t\t\t<p class=\"font_8 wixui-rich-text__text\"><strong><span class=\"wixui-rich-text__text\">Condiciones de la reserva:\u200b<\/span><\/strong><\/p><ul class=\"font_8 wixui-rich-text__text\"><li class=\"wixui-rich-text__text\"><p class=\"font_8 wixui-rich-text__text\"><span class=\"wixui-rich-text__text\">Para realizar la reserva de la plaza debe abonar como m\u00ednimo el<strong>\u00a040 %<\/strong>\u00a0del total de los servicios contratados (ruta completa, s\u00f3lo o con acompa\u00f1ante) y el resto antes de los\u00a0<strong>15 d\u00edas anteriores<\/strong>\u00a0a la fecha de ejecuci\u00f3n del viaje. <span style=\"text-decoration: underline;\">Para rutas de 1 d\u00eda el importe completo al hacer la reserva.<\/span><\/span><\/p><\/li><li class=\"wixui-rich-text__text\"><p class=\"font_8 wixui-rich-text__text\"><span class=\"wixui-rich-text__text\">La cancelaci\u00f3n posterior conlleva una penalizaci\u00f3n por los gastos de gesti\u00f3n, (excepto en las rutas de 1 d\u00eda).<\/span><\/p><\/li><li class=\"wixui-rich-text__text\"><p class=\"font_8 wixui-rich-text__text\"><span class=\"wixui-rich-text__text\">Los precios pueden variar sustancialmente, antendiendo a la disponiblidad del alojamiento y al n\u00famero de viajeros inscritos. Siempre se comunicar\u00e1 con antelaci\u00f3n a la ejecuci\u00f3n del viaje para que el viajero puede ejercer su derecho de cancelaci\u00f3n sin cargos en los plazos establecidos.<\/span><\/p><\/li><\/ul><p class=\"font_8 wixui-rich-text__text\"><span class=\"wixui-rich-text__text\">Env\u00edanos el formulario y nos prondr\u00e9mos en contacto a la mayor brevedad posible con las respuestas a cualquier comentario o consulta que nos realice.<\/span><\/p>\t\t\t\t\t\t\t\t<\/div>\n\t\t\t\t<\/div>\n\t\t\t\t\t<\/div>\n\t\t<\/div>\n\t\t\t\t\t<\/div>\n\t\t<\/div>\n\t\t\t\t\t<\/div>\n\t\t<\/div>\n\t\t\t\t\t<\/div>\n\t\t<\/section>\n\t\t\t\t<section class=\"elementor-section elementor-top-section elementor-element elementor-element-86b40b7 elementor-section-boxed elementor-section-height-default elementor-section-height-default\" data-id=\"86b40b7\" data-element_type=\"section\" data-e-type=\"section\">\n\t\t\t\t\t\t<div class=\"elementor-container elementor-column-gap-default\">\n\t\t\t\t\t<div class=\"elementor-column elementor-col-100 elementor-top-column elementor-element elementor-element-185445c\" data-id=\"185445c\" data-element_type=\"column\" data-e-type=\"column\">\n\t\t\t<div class=\"elementor-widget-wrap elementor-element-populated\">\n\t\t\t\t\t\t<div class=\"elementor-section elementor-inner-section elementor-element elementor-element-9c1f7c0 elementor-section-boxed elementor-section-height-default elementor-section-height-default\" data-id=\"9c1f7c0\" data-element_type=\"section\" data-e-type=\"section\">\n\t\t\t\t\t\t<div class=\"elementor-container elementor-column-gap-default\">\n\t\t\t\t\t<div class=\"elementor-column elementor-col-100 elementor-inner-column elementor-element elementor-element-9137cc2\" data-id=\"9137cc2\" data-element_type=\"column\" data-e-type=\"column\">\n\t\t\t<div class=\"elementor-widget-wrap elementor-element-populated\">\n\t\t\t\t\t\t<div class=\"elementor-element elementor-element-757da2f elementor-align-justify elementor-widget__width-initial elementor-widget elementor-widget-button\" data-id=\"757da2f\" data-element_type=\"widget\" data-e-type=\"widget\" data-widget_type=\"button.default\">\n\t\t\t\t<div class=\"elementor-widget-container\">\n\t\t\t\t\t\t\t\t\t<div class=\"elementor-button-wrapper\">\n\t\t\t\t\t<a class=\"elementor-button elementor-button-link elementor-size-xl\" href=\"https:\/\/www.portanaviajes.com\/en\/contacta-con-nosotros\/\">\n\t\t\t\t\t\t<span class=\"elementor-button-content-wrapper\">\n\t\t\t\t\t\t\t\t\t<span class=\"elementor-button-text\">CONTACTA CON NOSOTROS<\/span>\n\t\t\t\t\t<\/span>\n\t\t\t\t\t<\/a>\n\t\t\t\t<\/div>\n\t\t\t\t\t\t\t\t<\/div>\n\t\t\t\t<\/div>\n\t\t\t\t\t<\/div>\n\t\t<\/div>\n\t\t\t\t\t<\/div>\n\t\t<\/div>\n\t\t\t\t\t<\/div>\n\t\t<\/div>\n\t\t\t\t\t<\/div>\n\t\t<\/section>\n\t\t\t\t<section class=\"elementor-section elementor-top-section elementor-element elementor-element-778fdff elementor-section-boxed elementor-section-height-default elementor-section-height-default\" data-id=\"778fdff\" data-element_type=\"section\" data-e-type=\"section\">\n\t\t\t\t\t\t<div class=\"elementor-container elementor-column-gap-default\">\n\t\t\t\t\t<div class=\"elementor-column elementor-col-100 elementor-top-column elementor-element elementor-element-0257701\" data-id=\"0257701\" data-element_type=\"column\" data-e-type=\"column\">\n\t\t\t<div class=\"elementor-widget-wrap elementor-element-populated\">\n\t\t\t\t\t\t<div class=\"elementor-section elementor-inner-section elementor-element elementor-element-1cd83be elementor-section-boxed elementor-section-height-default elementor-section-height-default\" data-id=\"1cd83be\" data-element_type=\"section\" data-e-type=\"section\">\n\t\t\t\t\t\t<div class=\"elementor-container elementor-column-gap-default\">\n\t\t\t\t\t<div class=\"elementor-column elementor-col-100 elementor-inner-column elementor-element elementor-element-fef1f98\" data-id=\"fef1f98\" data-element_type=\"column\" data-e-type=\"column\">\n\t\t\t<div class=\"elementor-widget-wrap elementor-element-populated\">\n\t\t\t\t\t\t<div class=\"elementor-element elementor-element-7035744 elementor-align-justify elementor-widget__width-initial elementor-widget elementor-widget-button\" data-id=\"7035744\" data-element_type=\"widget\" data-e-type=\"widget\" data-widget_type=\"button.default\">\n\t\t\t\t<div class=\"elementor-widget-container\">\n\t\t\t\t\t\t\t\t\t<div class=\"elementor-button-wrapper\">\n\t\t\t\t\t<a class=\"elementor-button elementor-button-link elementor-size-xl\" href=\"https:\/\/www.portanaviajes.com\/en\/reserva-tu-plaza\/\">\n\t\t\t\t\t\t<span class=\"elementor-button-content-wrapper\">\n\t\t\t\t\t\t\t\t\t<span class=\"elementor-button-text\">FORMULARIOS DE RESERVA <\/span>\n\t\t\t\t\t<\/span>\n\t\t\t\t\t<\/a>\n\t\t\t\t<\/div>\n\t\t\t\t\t\t\t\t<\/div>\n\t\t\t\t<\/div>\n\t\t\t\t\t<\/div>\n\t\t<\/div>\n\t\t\t\t\t<\/div>\n\t\t<\/div>\n\t\t\t\t\t<\/div>\n\t\t<\/div>\n\t\t\t\t\t<\/div>\n\t\t<\/section>\n\t\t\t\t<section class=\"elementor-section elementor-top-section elementor-element elementor-element-2946506 elementor-section-boxed elementor-section-height-default elementor-section-height-default\" data-id=\"2946506\" data-element_type=\"section\" data-e-type=\"section\">\n\t\t\t\t\t\t<div class=\"elementor-container elementor-column-gap-default\">\n\t\t\t\t\t<div class=\"elementor-column elementor-col-100 elementor-top-column elementor-element elementor-element-7410060\" data-id=\"7410060\" data-element_type=\"column\" data-e-type=\"column\">\n\t\t\t<div class=\"elementor-widget-wrap\">\n\t\t\t\t\t\t\t<\/div>\n\t\t<\/div>\n\t\t\t\t\t<\/div>\n\t\t<\/section>\n\t\t\t\t<\/div>","protected":false},"excerpt":{"rendered":"<p>Desglose de precios Est\u00e1 incluido en el precio: Seguros de asistencia, rescate y responsabilidad civil a la persona. Alojamiento con desayuno y cena en habitaci\u00f3n doble compartida. Garant\u00eda con car\u00e1cter general por importe de 100.000 \u20ac Avituallamiento y comida en ruta. Asistencia durante todo&#8230;<\/p>","protected":false},"author":2,"featured_media":0,"parent":0,"menu_order":0,"comment_status":"closed","ping_status":"closed","template":"","meta":{"footnotes":""},"class_list":["post-1141","page","type-page","status-publish","hentry"],"meta_box":[],"_links":{"self":[{"href":"https:\/\/www.portanaviajes.com\/en\/wp-json\/wp\/v2\/pages\/1141","targetHints":{"allow":["GET"]}}],"collection":[{"href":"https:\/\/www.portanaviajes.com\/en\/wp-json\/wp\/v2\/pages"}],"about":[{"href":"https:\/\/www.portanaviajes.com\/en\/wp-json\/wp\/v2\/types\/page"}],"author":[{"embeddable":true,"href":"https:\/\/www.portanaviajes.com\/en\/wp-json\/wp\/v2\/users\/2"}],"replies":[{"embeddable":true,"href":"https:\/\/www.portanaviajes.com\/en\/wp-json\/wp\/v2\/comments?post=1141"}],"version-history":[{"count":34,"href":"https:\/\/www.portanaviajes.com\/en\/wp-json\/wp\/v2\/pages\/1141\/revisions"}],"predecessor-version":[{"id":5916,"href":"https:\/\/www.portanaviajes.com\/en\/wp-json\/wp\/v2\/pages\/1141\/revisions\/5916"}],"wp:attachment":[{"href":"https:\/\/www.portanaviajes.com\/en\/wp-json\/wp\/v2\/media?parent=1141"}],"curies":[{"name":"wp","href":"https:\/\/api.w.org\/{rel}","templated":true}]}}