{"id":1571,"date":"2023-11-13T06:51:42","date_gmt":"2023-11-13T06:51:42","guid":{"rendered":"https:\/\/portana.artkvisual.com\/?page_id=1571"},"modified":"2026-03-23T15:34:36","modified_gmt":"2026-03-23T15:34:36","slug":"asistencias","status":"publish","type":"page","link":"https:\/\/www.portanaviajes.com\/en\/asistencias\/","title":{"rendered":"ASISTENCIAS"},"content":{"rendered":"<div data-elementor-type=\"wp-page\" data-elementor-id=\"1571\" class=\"elementor elementor-1571\">\n\t\t\t\t\t\t<section class=\"elementor-section elementor-top-section elementor-element elementor-element-de58641 elementor-section-boxed elementor-section-height-default elementor-section-height-default\" data-id=\"de58641\" data-element_type=\"section\" data-e-type=\"section\">\n\t\t\t\t\t\t<div class=\"elementor-container elementor-column-gap-default\">\n\t\t\t\t\t<div class=\"elementor-column elementor-col-100 elementor-top-column elementor-element elementor-element-d3bfd0a\" data-id=\"d3bfd0a\" data-element_type=\"column\" data-e-type=\"column\">\n\t\t\t<div class=\"elementor-widget-wrap elementor-element-populated\">\n\t\t\t\t\t\t<div class=\"elementor-element elementor-element-10def9f elementor-widget__width-initial elementor-widget elementor-widget-travol-simple-title\" data-id=\"10def9f\" data-element_type=\"widget\" data-e-type=\"widget\" data-widget_type=\"travol-simple-title.default\">\n\t\t\t\t<div class=\"elementor-widget-container\">\n\t\t\t\t\t\t\t<div class=\"tour-page clear text-left\">\n\t\t\t            <h6 class=\"tl-simple-title\"> &quot;El final del viaje no es el destino, sino los contratiempos y recuerdos que se crean en el camino&quot;  \n(Penelope Riley)<\/h6>\n\t\t\t\t\t<\/div>\n\t\t\t\t\t\t<\/div>\n\t\t\t\t<\/div>\n\t\t\t\t\t<\/div>\n\t\t<\/div>\n\t\t\t\t\t<\/div>\n\t\t<\/section>\n\t\t\t\t<section class=\"elementor-section elementor-top-section elementor-element elementor-element-8895d7d elementor-section-boxed elementor-section-height-default elementor-section-height-default\" data-id=\"8895d7d\" data-element_type=\"section\" data-e-type=\"section\">\n\t\t\t\t\t\t<div class=\"elementor-container elementor-column-gap-narrow\">\n\t\t\t\t\t<div class=\"elementor-column elementor-col-50 elementor-top-column elementor-element elementor-element-f83456e\" data-id=\"f83456e\" data-element_type=\"column\" data-e-type=\"column\">\n\t\t\t<div class=\"elementor-widget-wrap elementor-element-populated\">\n\t\t\t\t\t\t<div class=\"elementor-section elementor-inner-section elementor-element elementor-element-f1a2910 elementor-section-full_width elementor-section-height-default elementor-section-height-default\" data-id=\"f1a2910\" data-element_type=\"section\" data-e-type=\"section\">\n\t\t\t\t\t\t<div class=\"elementor-container elementor-column-gap-default\">\n\t\t\t\t\t<div class=\"elementor-column elementor-col-100 elementor-inner-column elementor-element elementor-element-77c090f\" data-id=\"77c090f\" data-element_type=\"column\" data-e-type=\"column\" data-settings=\"{&quot;animation&quot;:&quot;none&quot;}\">\n\t\t\t<div class=\"elementor-widget-wrap elementor-element-populated\">\n\t\t\t\t\t\t<div class=\"elementor-element elementor-element-74ae9fe elementor-widget elementor-widget-text-editor\" data-id=\"74ae9fe\" data-element_type=\"widget\" data-e-type=\"widget\" data-widget_type=\"text-editor.default\">\n\t\t\t\t<div class=\"elementor-widget-container\">\n\t\t\t\t\t\t\t\t\t<p>En todos nuestros viajes y rutas de aventura con el grupo de Portana Viajes dispondremos de un equipo de asistencia con apoyo mec\u00e1nico, que pueda ofrecer soluciones de forma inmediata, y de primera intervenci\u00f3n sanitaria b\u00e1sica por profesionales sanitarios.<\/p><p>\u00a0<\/p><p>Somos conscientes de la complejidad mec\u00e1nica de los veh\u00edculos de hoy en d\u00eda y las limitaciones a lo largo de la ruta pero a\u00fan as\u00ed intentaremos que ning\u00fan compa\u00f1ero quede atr\u00e1s por una incidencia.<\/p><p>\u00a0<\/p><p>Nuestra asistencia est\u00e1 formada por varios veh\u00edculos de seguimiento, disponibles para:<\/p><p>\u00a0<\/p><ol><li><strong>Traslado del equipaje<\/strong> de un alojamiento a otro.<\/li><li><strong>Avituallamiento<\/strong> durante la etapa.<\/li><li><strong>Transporte del veh\u00edculo averiado<\/strong> hasta la recogida de la asistencia del seguro del conductor.<\/li><li>Abandono por cualquier motivo y traslado al hotel.<\/li><li><strong>Personal sanitario<\/strong> con experiencia.\u200b<\/li><li><strong>Repuestos y herramientas<\/strong> para solucionar eventualidades de caracter mec\u00e1nico o de la parte ciclo.<\/li><li>Equipos de grabaci\u00f3n, fotograf\u00eda y audio.\u200b<\/li><\/ol>\t\t\t\t\t\t\t\t<\/div>\n\t\t\t\t<\/div>\n\t\t\t\t\t<\/div>\n\t\t<\/div>\n\t\t\t\t\t<\/div>\n\t\t<\/div>\n\t\t\t\t\t<\/div>\n\t\t<\/div>\n\t\t\t\t<div class=\"elementor-column elementor-col-50 elementor-top-column elementor-element elementor-element-adf3bf5\" data-id=\"adf3bf5\" data-element_type=\"column\" data-e-type=\"column\">\n\t\t\t<div class=\"elementor-widget-wrap elementor-element-populated\">\n\t\t\t\t\t\t<div class=\"elementor-element elementor-element-f1d7985 elementor-widget elementor-widget-travol-image\" data-id=\"f1d7985\" data-element_type=\"widget\" data-e-type=\"widget\" data-widget_type=\"travol-image.default\">\n\t\t\t\t<div class=\"elementor-widget-container\">\n\t\t\t\t\t\t\t<div class=\"about\">\r\n\t\t\t<div class=\"img-exp\">\r\n\t\t\t\t<div class=\"about-img\">\r\n\t\t\t\t\t<div class=\"img\"> <img decoding=\"async\" src=\"https:\/\/www.portanaviajes.com\/wp-content\/uploads\/2024\/01\/KTM-660-DUNA-scaled.jpg\" class=\"img-fluid\" alt=\"\"> <\/div>\r\n\t\t\t\t<\/div>\r\n\t\t\t\t\t\t\t\t<div id=\"circle\">\r\n\t\t\t\t\t<svg version=\"1.1\" xmlns=\"http:\/\/www.w3.org\/2000\/svg\" xmlns:xlink=\"http:\/\/www.w3.org\/1999\/xlink\" x=\"0px\" y=\"0px\" width=\"300px\" height=\"300px\" viewbox=\"0 0 300 300\" enable-background=\"new 0 0 300 300\" xml:space=\"preserve\">\r\n\t\t\t\t\t\t<defs>\r\n\t\t\t\t\t\t\t<path id=\"circlePath\" d=\" M 150, 150 m -60, 0 a 60,60 0 0,1 120,0 a 60,60 0 0,1 -120,0 \" \/>\r\n\t\t\t\t\t\t<\/defs>\r\n\t\t\t\t\t\t<circle cx=\"150\" cy=\"100\" r=\"75\" fill=\"none\" \/>\r\n\t\t\t\t\t\t\t<g>\r\n\t\t\t\t\t\t\t\t<use xlink:href=\"#circlePath\" fill=\"none\" \/>\r\n\t\t\t\t\t\t\t\t<text fill=\"#0f2454\">\r\n\t\t\t\t\t\t\t\t\t<textpath xlink:href=\"#circlePath\"> . Rutas Ecotur\u00edsticas . Rutas Ecotur\u00edsticas <\/textpath>\r\n\t\t\t\t\t\t\t\t<\/text>\r\n\t\t\t\t\t\t\t<\/g>\r\n\t\t\t\t\t<\/svg>\r\n\t\t\t\t<\/div>\r\n\t\t\t\t\t\t\t<\/div>\r\n        <\/div>\r\n\t\t\r\n\t\t\r\n        \t\t\t\t<\/div>\n\t\t\t\t<\/div>\n\t\t\t\t\t<\/div>\n\t\t<\/div>\n\t\t\t\t\t<\/div>\n\t\t<\/section>\n\t\t\t\t<\/div>","protected":false},"excerpt":{"rendered":"<p>&quot;El final del viaje no es el destino, sino los contratiempos y recuerdos que se crean en el camino&quot; (Penelope Riley) En todos nuestros viajes y rutas de aventura con el grupo de Portana Viajes dispondremos de un equipo de asistencia con apoyo mec\u00e1nico,&#8230;<\/p>","protected":false},"author":2,"featured_media":3293,"parent":0,"menu_order":0,"comment_status":"closed","ping_status":"closed","template":"","meta":{"footnotes":""},"class_list":["post-1571","page","type-page","status-publish","has-post-thumbnail","hentry"],"meta_box":[],"_links":{"self":[{"href":"https:\/\/www.portanaviajes.com\/en\/wp-json\/wp\/v2\/pages\/1571","targetHints":{"allow":["GET"]}}],"collection":[{"href":"https:\/\/www.portanaviajes.com\/en\/wp-json\/wp\/v2\/pages"}],"about":[{"href":"https:\/\/www.portanaviajes.com\/en\/wp-json\/wp\/v2\/types\/page"}],"author":[{"embeddable":true,"href":"https:\/\/www.portanaviajes.com\/en\/wp-json\/wp\/v2\/users\/2"}],"replies":[{"embeddable":true,"href":"https:\/\/www.portanaviajes.com\/en\/wp-json\/wp\/v2\/comments?post=1571"}],"version-history":[{"count":29,"href":"https:\/\/www.portanaviajes.com\/en\/wp-json\/wp\/v2\/pages\/1571\/revisions"}],"predecessor-version":[{"id":8727,"href":"https:\/\/www.portanaviajes.com\/en\/wp-json\/wp\/v2\/pages\/1571\/revisions\/8727"}],"wp:featuredmedia":[{"embeddable":true,"href":"https:\/\/www.portanaviajes.com\/en\/wp-json\/wp\/v2\/media\/3293"}],"wp:attachment":[{"href":"https:\/\/www.portanaviajes.com\/en\/wp-json\/wp\/v2\/media?parent=1571"}],"curies":[{"name":"wp","href":"https:\/\/api.w.org\/{rel}","templated":true}]}}