{"id":5126,"date":"2024-07-30T19:18:37","date_gmt":"2024-07-30T19:18:37","guid":{"rendered":"https:\/\/www.portanaviajes.com\/?page_id=5126"},"modified":"2024-07-31T15:11:07","modified_gmt":"2024-07-31T15:11:07","slug":"equipo-portana","status":"publish","type":"page","link":"https:\/\/www.portanaviajes.com\/en\/equipo-portana\/","title":{"rendered":"EQUIPO PORTANA"},"content":{"rendered":"<div data-elementor-type=\"wp-page\" data-elementor-id=\"5126\" class=\"elementor elementor-5126\">\n\t\t\t\t\t\t<section class=\"elementor-section elementor-top-section elementor-element elementor-element-a975af3 elementor-section-boxed elementor-section-height-default elementor-section-height-default\" data-id=\"a975af3\" data-element_type=\"section\" data-e-type=\"section\">\n\t\t\t\t\t\t<div class=\"elementor-container elementor-column-gap-default\">\n\t\t\t\t\t<div class=\"elementor-column elementor-col-100 elementor-top-column elementor-element elementor-element-0ca5a16\" data-id=\"0ca5a16\" data-element_type=\"column\" data-e-type=\"column\">\n\t\t\t<div class=\"elementor-widget-wrap elementor-element-populated\">\n\t\t\t\t\t\t<div class=\"elementor-element elementor-element-d8d60e7 elementor-widget elementor-widget-heading\" data-id=\"d8d60e7\" data-element_type=\"widget\" data-e-type=\"widget\" data-widget_type=\"heading.default\">\n\t\t\t\t<div class=\"elementor-widget-container\">\n\t\t\t\t\t<h2 class=\"elementor-heading-title elementor-size-default\"><span style=\"font-weight: 400\">Nuestro equipo de profesionales colaboradores, sin ellos ser\u00eda imposible el \u00e9xito de Portana Viajes:<\/span><\/h2>\t\t\t\t<\/div>\n\t\t\t\t<\/div>\n\t\t\t\t\t<\/div>\n\t\t<\/div>\n\t\t\t\t\t<\/div>\n\t\t<\/section>\n\t\t\t\t<section class=\"elementor-section elementor-top-section elementor-element elementor-element-00211d0 elementor-section-boxed elementor-section-height-default elementor-section-height-default\" data-id=\"00211d0\" data-element_type=\"section\" data-e-type=\"section\">\n\t\t\t\t\t\t<div class=\"elementor-container elementor-column-gap-default\">\n\t\t\t\t\t<div class=\"elementor-column elementor-col-50 elementor-top-column elementor-element elementor-element-a8a046b\" data-id=\"a8a046b\" data-element_type=\"column\" data-e-type=\"column\">\n\t\t\t<div class=\"elementor-widget-wrap elementor-element-populated\">\n\t\t\t\t\t\t<div class=\"elementor-element elementor-element-40997b4 elementor-widget elementor-widget-travol-team\" data-id=\"40997b4\" data-element_type=\"widget\" data-e-type=\"widget\" data-widget_type=\"travol-team.default\">\n\t\t\t\t<div class=\"elementor-widget-container\">\n\t\t\t\t\t\t\t\t\t<div class=\"team\">\t\n\t\t\t<div class=\"team-card mb-30\">\n                <div class=\"team-img\"><img decoding=\"async\" src=\"https:\/\/www.portanaviajes.com\/wp-content\/uploads\/2024\/07\/Diseno-sin-titulo-94.jpg\" alt=\"https:\/\/www.portanaviajes.com\/wp-content\/uploads\/2024\/07\/Diseno-sin-titulo-94.jpg\" class=\"w-100\"><\/div>\n                    \t\t\t\t\t<div class=\"team-content\">\n\t\t\t\t\t\t<h3 class=\"team-title\">CARMEN NAVARRO<span> LOGISTICA<\/span><\/h3>\n\t\t\t\t\t\t\t\t\t\t\t\t<p class=\"team-text\">Gestiona y coordina la distribuci\u00f3n eficiente de recursos y suministros, asegurando que todos los materiales necesarios est\u00e9n disponibles y en el lugar adecuado en el momento preciso, garantizando as\u00ed el \u00f3ptimo funcionamiento de nuestras operaciones.\n\n\n\n\n\n\n<\/p>\n\t\t\t\t\t\t\t\t\t\t\t\t<div class=\"social\">\n\t\t\t\t\t\t\t<div class=\"full-width\">\n\t\t\t\t\t\t\t\t\t\t\t\t\t\t\t\t\t\t\t\t\t\t\t\t\t\t\t\t\t\t<a href=\"https:\/\/www.facebook.com\/carmen.navarrogall\" target=\"_blank\">\n\t\t\t\t\t\t\t\t\t\t\t\t\t\t\t\t<i aria-hidden=\"true\" class=\"fab fa-facebook-square\"><\/i>\t\t\t\t\t\t\t\t\t\t\t\t\t\t\t\t<\/a>\n\t\t\t\t\t\t\t\t\t\t\t\t\t\t\t\t\t\t\t\t\t\t\t\t\t\t\t\t\t<\/div>\n\t\t\t\t\t\t<\/div>\n                    <\/div>\n\t\t\t\t\t\t\t\t\t\t                    <div class=\"title-box\">\n                        <h3 class=\"mb-0\">CARMEN NAVARRO<span> LOGISTICA<\/span><\/h3>\n                    <\/div>\n\t\t\t\t\t            <\/div>\n\t\t<\/div>\n\t\t        \t\t\t\t<\/div>\n\t\t\t\t<\/div>\n\t\t\t\t<div class=\"elementor-element elementor-element-1a76171 elementor-widget elementor-widget-travol-team\" data-id=\"1a76171\" data-element_type=\"widget\" data-e-type=\"widget\" data-widget_type=\"travol-team.default\">\n\t\t\t\t<div class=\"elementor-widget-container\">\n\t\t\t\t\t\t\t\t\t<div class=\"team\">\t\n\t\t\t<div class=\"team-card mb-30\">\n                <div class=\"team-img\"><img decoding=\"async\" src=\"https:\/\/www.portanaviajes.com\/wp-content\/uploads\/2024\/07\/Diseno-sin-titulo-96.jpg\" alt=\"https:\/\/www.portanaviajes.com\/wp-content\/uploads\/2024\/07\/Diseno-sin-titulo-96.jpg\" class=\"w-100\"><\/div>\n                    \t\t\t\t\t<div class=\"team-content\">\n\t\t\t\t\t\t<h3 class=\"team-title\">M\u00aa DEL MAR Y MANOLO<span>Cuidando de todos<\/span><\/h3>\n\t\t\t\t\t\t\t\t\t\t\t\t<p class=\"team-text\">Siempre disponibles y atentos, su dedicaci\u00f3n y profesionalismo aseguran que todos los viajeros est\u00e9n bien cuidados y seguros. Con su larga experiencia en atenci\u00f3n sanitaria y su genuino inter\u00e9s por el bienestar de los dem\u00e1s, se han convertido en pilares fundamentales de nuestras expediciones, brindando tranquilidad y confianza a cada paso del camino.<\/p>\n\t\t\t\t\t\t\t\t\t\t\t\t<div class=\"social\">\n\t\t\t\t\t\t\t<div class=\"full-width\">\n\t\t\t\t\t\t\t\t\t\t\t\t\t\t<\/div>\n\t\t\t\t\t\t<\/div>\n                    <\/div>\n\t\t\t\t\t\t\t\t\t\t                    <div class=\"title-box\">\n                        <h3 class=\"mb-0\">M\u00aa DEL MAR Y MANOLO<span>Cuidando de todos<\/span><\/h3>\n                    <\/div>\n\t\t\t\t\t            <\/div>\n\t\t<\/div>\n\t\t        \t\t\t\t<\/div>\n\t\t\t\t<\/div>\n\t\t\t\t<div class=\"elementor-element elementor-element-484ff6b elementor-widget elementor-widget-travol-team\" data-id=\"484ff6b\" data-element_type=\"widget\" data-e-type=\"widget\" data-widget_type=\"travol-team.default\">\n\t\t\t\t<div class=\"elementor-widget-container\">\n\t\t\t\t\t\t\t\t\t<div class=\"team\">\t\n\t\t\t<div class=\"team-card mb-30\">\n                <div class=\"team-img\"><img decoding=\"async\" src=\"https:\/\/www.portanaviajes.com\/wp-content\/uploads\/2024\/07\/Sin-titulo-1369-x-2048-px-4.jpg\" alt=\"https:\/\/www.portanaviajes.com\/wp-content\/uploads\/2024\/07\/Sin-titulo-1369-x-2048-px-4.jpg\" class=\"w-100\"><\/div>\n                    \t\t\t\t\t<div class=\"team-content\">\n\t\t\t\t\t\t<h3 class=\"team-title\">ANTONIO COLLADO - TOMKA<span>Navegaci\u00f3n y 4x4<\/span><\/h3>\n\t\t\t\t\t\t\t\t\t\t\t\t<p class=\"team-text\">Experto, con una vasta experiencia en alta competici\u00f3n, habiendo participado en eventos prestigiosos como el Dakar y el Campeonato de Espa\u00f1a. Su habilidad para solucionar problemas t\u00e9cnicos y su capacidad para organizar expediciones complejas lo convierten en un recurso invaluable, garantizando tanto el rendimiento \u00f3ptimo de los veh\u00edculos como una experiencia de viaje segura y bien planificada.<\/p>\n\t\t\t\t\t\t\t\t\t\t\t\t<div class=\"social\">\n\t\t\t\t\t\t\t<div class=\"full-width\">\n\t\t\t\t\t\t\t\t\t\t\t\t\t\t<\/div>\n\t\t\t\t\t\t<\/div>\n                    <\/div>\n\t\t\t\t\t\t\t\t\t\t                    <div class=\"title-box\">\n                        <h3 class=\"mb-0\">ANTONIO COLLADO - TOMKA<span>Navegaci\u00f3n y 4x4<\/span><\/h3>\n                    <\/div>\n\t\t\t\t\t            <\/div>\n\t\t<\/div>\n\t\t        \t\t\t\t<\/div>\n\t\t\t\t<\/div>\n\t\t\t\t<div class=\"elementor-element elementor-element-130c015 elementor-widget elementor-widget-travol-team\" data-id=\"130c015\" data-element_type=\"widget\" data-e-type=\"widget\" data-widget_type=\"travol-team.default\">\n\t\t\t\t<div class=\"elementor-widget-container\">\n\t\t\t\t\t\t\t\t\t<div class=\"team\">\t\n\t\t\t<div class=\"team-card mb-30\">\n                <div class=\"team-img\"><img decoding=\"async\" src=\"https:\/\/www.portanaviajes.com\/wp-content\/uploads\/2024\/07\/Sin-titulo-1369-x-2048-px-3.jpg\" alt=\"https:\/\/www.portanaviajes.com\/wp-content\/uploads\/2024\/07\/Sin-titulo-1369-x-2048-px-3.jpg\" class=\"w-100\"><\/div>\n                    \t\t\t\t\t<div class=\"team-content\">\n\t\t\t\t\t\t<h3 class=\"team-title\">SAID ANAAM<span>Asesor Experto en Marruecos<\/span><\/h3>\n\t\t\t\t\t\t\t\t\t\t\t\t<p class=\"team-text\">Said es nuestro agente receptor en Marruecos. Con un conocimiento profundo de la cultura, la historia y los rincones m\u00e1s secretos del pa\u00eds, Said se asegura de que cada viaje sea una experiencia aut\u00e9ntica y enriquecedora. Su pasi\u00f3n por su tierra y su habilidad para conectar con los viajeros hacen de \u00e9l el compa\u00f1ero ideal para explorar Marruecos de manera segura y emocionante.\n\n\n\n\n\n\n<\/p>\n\t\t\t\t\t\t\t\t\t\t\t\t<div class=\"social\">\n\t\t\t\t\t\t\t<div class=\"full-width\">\n\t\t\t\t\t\t\t\t\t\t\t\t\t\t<\/div>\n\t\t\t\t\t\t<\/div>\n                    <\/div>\n\t\t\t\t\t\t\t\t\t\t                    <div class=\"title-box\">\n                        <h3 class=\"mb-0\">SAID ANAAM<span>Asesor Experto en Marruecos<\/span><\/h3>\n                    <\/div>\n\t\t\t\t\t            <\/div>\n\t\t<\/div>\n\t\t        \t\t\t\t<\/div>\n\t\t\t\t<\/div>\n\t\t\t\t\t<\/div>\n\t\t<\/div>\n\t\t\t\t<div class=\"elementor-column elementor-col-50 elementor-top-column elementor-element elementor-element-850ae18\" data-id=\"850ae18\" data-element_type=\"column\" data-e-type=\"column\">\n\t\t\t<div class=\"elementor-widget-wrap elementor-element-populated\">\n\t\t\t\t\t\t<div class=\"elementor-element elementor-element-1c396c3 elementor-widget elementor-widget-travol-team\" data-id=\"1c396c3\" data-element_type=\"widget\" data-e-type=\"widget\" data-widget_type=\"travol-team.default\">\n\t\t\t\t<div class=\"elementor-widget-container\">\n\t\t\t\t\t\t\t\t\t<div class=\"team\">\t\n\t\t\t<div class=\"team-card mb-30\">\n                <div class=\"team-img\"><img decoding=\"async\" src=\"https:\/\/www.portanaviajes.com\/wp-content\/uploads\/2024\/07\/Diseno-sin-titulo-99.jpg\" alt=\"https:\/\/www.portanaviajes.com\/wp-content\/uploads\/2024\/07\/Diseno-sin-titulo-99.jpg\" class=\"w-100\"><\/div>\n                    \t\t\t\t\t<div class=\"team-content\">\n\t\t\t\t\t\t<h3 class=\"team-title\">M\u00aa CARMEN Y ALBERTO<span>Siempre disponibles<\/span><\/h3>\n\t\t\t\t\t\t\t\t\t\t\t\t<p class=\"team-text\">Con una combinaci\u00f3n perfecta de habilidades organizativas y entusiasmo por la aventura, M\u00aa Carmen maneja todos los detalles log\u00edsticos mientras que Alberto se encarga de investigar y planificar itinerarios \u00fanicos y emocionantes. Juntos, son una fuente inagotable de apoyo y creatividad, asegurando que cada viaje sea una experiencia inolvidable y sin contratiempos.<\/p>\n\t\t\t\t\t\t\t\t\t\t\t\t<div class=\"social\">\n\t\t\t\t\t\t\t<div class=\"full-width\">\n\t\t\t\t\t\t\t\t\t\t\t\t\t\t\t\t\t\t\t\t\t\t\t\t\t\t\t\t\t\t<a href=\"https:\/\/www.facebook.com\/alberto.colladomartin.92\" target=\"_blank\">\n\t\t\t\t\t\t\t\t\t\t\t\t\t\t\t\t<i aria-hidden=\"true\" class=\"fab fa-facebook-square\"><\/i>\t\t\t\t\t\t\t\t\t\t\t\t\t\t\t\t<\/a>\n\t\t\t\t\t\t\t\t\t\t\t\t\t\t\t\t\t\t\t\t\t\t\t\t\t\t\t\t\t<\/div>\n\t\t\t\t\t\t<\/div>\n                    <\/div>\n\t\t\t\t\t\t\t\t\t\t                    <div class=\"title-box\">\n                        <h3 class=\"mb-0\">M\u00aa CARMEN Y ALBERTO<span>Siempre disponibles<\/span><\/h3>\n                    <\/div>\n\t\t\t\t\t            <\/div>\n\t\t<\/div>\n\t\t        \t\t\t\t<\/div>\n\t\t\t\t<\/div>\n\t\t\t\t<div class=\"elementor-element elementor-element-65d5546 elementor-widget elementor-widget-travol-team\" data-id=\"65d5546\" data-element_type=\"widget\" data-e-type=\"widget\" data-widget_type=\"travol-team.default\">\n\t\t\t\t<div class=\"elementor-widget-container\">\n\t\t\t\t\t\t\t\t\t<div class=\"team\">\t\n\t\t\t<div class=\"team-card mb-30\">\n                <div class=\"team-img\"><img decoding=\"async\" src=\"https:\/\/www.portanaviajes.com\/wp-content\/uploads\/2024\/07\/Sin-titulo-1369-x-2048-px-5.jpg\" alt=\"https:\/\/www.portanaviajes.com\/wp-content\/uploads\/2024\/07\/Sin-titulo-1369-x-2048-px-5.jpg\" class=\"w-100\"><\/div>\n                    \t\t\t\t\t<div class=\"team-content\">\n\t\t\t\t\t\t<h3 class=\"team-title\">PILI y JORDI<span>Asitencia perfecta<\/span><\/h3>\n\t\t\t\t\t\t\t\t\t\t\t\t<p class=\"team-text\">Pili y Jordi aseguran que cada expedici\u00f3n de Portana sea segura y emocionante. Con su conocimiento sanitario y su habilidad para enfrentar desaf\u00edos en entornos extremos, garantizan el bienestar y la seguridad de todos los viajeros. Su pasi\u00f3n por la aventura y su profesionalidad los convierten en los compa\u00f1eros ideales para cualquier traves\u00eda, proporcionando tranquilidad y una experiencia inolvidable.<\/p>\n\t\t\t\t\t\t\t\t\t\t\t\t<div class=\"social\">\n\t\t\t\t\t\t\t<div class=\"full-width\">\n\t\t\t\t\t\t\t\t\t\t\t\t\t\t\t\t\t\t\t\t\t\t\t\t\t\t\t\t\t\t<a href=\"https:\/\/www.facebook.com\/jordi.diaz.1276\" target=\"_blank\">\n\t\t\t\t\t\t\t\t\t\t\t\t\t\t\t\t<i aria-hidden=\"true\" class=\"fab fa-facebook-square\"><\/i>\t\t\t\t\t\t\t\t\t\t\t\t\t\t\t\t<\/a>\n\t\t\t\t\t\t\t\t\t\t\t\t\t\t\t\t\t\t\t\t\t\t\t\t\t\t\t\t\t<\/div>\n\t\t\t\t\t\t<\/div>\n                    <\/div>\n\t\t\t\t\t\t\t\t\t\t                    <div class=\"title-box\">\n                        <h3 class=\"mb-0\">PILI y JORDI<span>Asitencia perfecta<\/span><\/h3>\n                    <\/div>\n\t\t\t\t\t            <\/div>\n\t\t<\/div>\n\t\t        \t\t\t\t<\/div>\n\t\t\t\t<\/div>\n\t\t\t\t<div class=\"elementor-element elementor-element-c286490 elementor-widget elementor-widget-travol-team\" data-id=\"c286490\" data-element_type=\"widget\" data-e-type=\"widget\" data-widget_type=\"travol-team.default\">\n\t\t\t\t<div class=\"elementor-widget-container\">\n\t\t\t\t\t\t\t\t\t<div class=\"team\">\t\n\t\t\t<div class=\"team-card mb-30\">\n                <div class=\"team-img\"><img decoding=\"async\" src=\"https:\/\/www.portanaviajes.com\/wp-content\/uploads\/2024\/07\/Sin-titulo-1369-x-2048-px-1.jpg\" alt=\"https:\/\/www.portanaviajes.com\/wp-content\/uploads\/2024\/07\/Sin-titulo-1369-x-2048-px-1.jpg\" class=\"w-100\"><\/div>\n                    \t\t\t\t\t<div class=\"team-content\">\n\t\t\t\t\t\t<h3 class=\"team-title\">FENOY<span>Solucionador y Trotamundos<\/span><\/h3>\n\t\t\t\t\t\t\t\t\t\t\t\t<p class=\"team-text\">El aliado perfecto con una habilidad incre\u00edble para resolver cualquier problema y una creatividad sin l\u00edmites, siempre encuentra soluciones ingeniosas, sin importar cu\u00e1n desafiantes sean las circunstancias. Su apoyo hace que cada ruta o viaje sea mas segura y vibrante, ya que siempre est\u00e1 listo para asesorar de cualquier imprevisto con su ingenio y destreza.<\/p>\n\t\t\t\t\t\t\t\t\t\t\t\t<div class=\"social\">\n\t\t\t\t\t\t\t<div class=\"full-width\">\n\t\t\t\t\t\t\t\t\t\t\t\t\t\t<\/div>\n\t\t\t\t\t\t<\/div>\n                    <\/div>\n\t\t\t\t\t\t\t\t\t\t                    <div class=\"title-box\">\n                        <h3 class=\"mb-0\">FENOY<span>Solucionador y Trotamundos<\/span><\/h3>\n                    <\/div>\n\t\t\t\t\t            <\/div>\n\t\t<\/div>\n\t\t        \t\t\t\t<\/div>\n\t\t\t\t<\/div>\n\t\t\t\t<div class=\"elementor-element elementor-element-fdf2f1c elementor-widget elementor-widget-travol-team\" data-id=\"fdf2f1c\" data-element_type=\"widget\" data-e-type=\"widget\" data-widget_type=\"travol-team.default\">\n\t\t\t\t<div class=\"elementor-widget-container\">\n\t\t\t\t\t\t\t\t\t<div class=\"team\">\t\n\t\t\t<div class=\"team-card mb-30\">\n                <div class=\"team-img\"><img decoding=\"async\" src=\"https:\/\/www.portanaviajes.com\/wp-content\/uploads\/2024\/07\/Sin-titulo-1369-x-2048-px.jpg\" alt=\"https:\/\/www.portanaviajes.com\/wp-content\/uploads\/2024\/07\/Sin-titulo-1369-x-2048-px.jpg\" class=\"w-100\"><\/div>\n                    \t\t\t\t\t<div class=\"team-content\">\n\t\t\t\t\t\t<h3 class=\"team-title\">ZAKARIA EL HACHLAFI<span>T\u00e9cino Superior AAVV y Gesti\u00f3n de Eventos<\/span><\/h3>\n\t\t\t\t\t\t\t\t\t\t\t\t<p class=\"team-text\">Su rol como agente de viajes es proporcionar asistencia integral, contactando con los proveedores de servicios y gestionando todos los aspectos de los servicios tur\u00edsticos contratados. Su objetivo es garantizar que cada viajero reciba la mejor calidad de servicios posible y el disfrute de una experiencia de viaje impecable.<\/p>\n\t\t\t\t\t\t\t\t\t\t\t\t<div class=\"social\">\n\t\t\t\t\t\t\t<div class=\"full-width\">\n\t\t\t\t\t\t\t\t\t\t\t\t\t\t<\/div>\n\t\t\t\t\t\t<\/div>\n                    <\/div>\n\t\t\t\t\t\t\t\t\t\t                    <div class=\"title-box\">\n                        <h3 class=\"mb-0\">ZAKARIA EL HACHLAFI<span>T\u00e9cino Superior AAVV y Gesti\u00f3n de Eventos<\/span><\/h3>\n                    <\/div>\n\t\t\t\t\t            <\/div>\n\t\t<\/div>\n\t\t        \t\t\t\t<\/div>\n\t\t\t\t<\/div>\n\t\t\t\t<div class=\"elementor-element elementor-element-3146c1a elementor-widget elementor-widget-travol-team\" data-id=\"3146c1a\" data-element_type=\"widget\" data-e-type=\"widget\" data-widget_type=\"travol-team.default\">\n\t\t\t\t<div class=\"elementor-widget-container\">\n\t\t\t\t\t\t\t\t\t<div class=\"team\">\t\n\t\t\t<div class=\"team-card mb-30\">\n                <div class=\"team-img\"><img decoding=\"async\" src=\"https:\/\/www.portanaviajes.com\/wp-content\/uploads\/2024\/07\/Diseno-sin-titulo-92.jpg\" alt=\"https:\/\/www.portanaviajes.com\/wp-content\/uploads\/2024\/07\/Diseno-sin-titulo-92.jpg\" class=\"w-100\"><\/div>\n                    \t\t\t\t\t<div class=\"team-content\">\n\t\t\t\t\t\t<h3 class=\"team-title\">JUANFE<span>CEO de Portana<\/span><\/h3>\n\t\t\t\t\t\t\t\t\t\t\t\t<p class=\"team-text\">Responsable de la agencia de viajes y turismo activo Portana. Profesional incansable, aventurero y emprendedor, con una s\u00f3lida experiencia en gesti\u00f3n empresarial y comercio electr\u00f3nico. Como motero apasionado, ha competido en eventos internacionales como el Dakar y ha recorrido innumerables kil\u00f3metros por el desierto africano. Su dedicaci\u00f3n y pasi\u00f3n por los viajes y la aventura le impulsan a ofrecer experiencias \u00fanicas y de alta calidad a nuestros viajeros.<\/p>\n\t\t\t\t\t\t\t\t\t\t\t\t<div class=\"social\">\n\t\t\t\t\t\t\t<div class=\"full-width\">\n\t\t\t\t\t\t\t\t\t\t\t\t\t\t\t\t\t\t\t\t\t\t\t\t\t\t\t\t\t\t<a href=\"https:\/\/www.facebook.com\/profile.php?id=100087241992434\" target=\"_blank\">\n\t\t\t\t\t\t\t\t\t\t\t\t\t\t\t\t<i aria-hidden=\"true\" class=\"fab fa-facebook-square\"><\/i>\t\t\t\t\t\t\t\t\t\t\t\t\t\t\t\t<\/a>\n\t\t\t\t\t\t\t\t\t\t\t\t\t\t\t\t\t\t\t\t\t\t\t\t\t\t\t\t\t<\/div>\n\t\t\t\t\t\t<\/div>\n                    <\/div>\n\t\t\t\t\t\t\t\t\t\t                    <div class=\"title-box\">\n                        <h3 class=\"mb-0\">JUANFE<span>CEO de Portana<\/span><\/h3>\n                    <\/div>\n\t\t\t\t\t            <\/div>\n\t\t<\/div>\n\t\t        \t\t\t\t<\/div>\n\t\t\t\t<\/div>\n\t\t\t\t\t<\/div>\n\t\t<\/div>\n\t\t\t\t\t<\/div>\n\t\t<\/section>\n\t\t\t\t<\/div>","protected":false},"excerpt":{"rendered":"<p>Nuestro equipo de profesionales colaboradores, sin ellos ser\u00eda imposible el \u00e9xito de Portana Viajes: CARMEN NAVARRO LOGISTICA Gestiona y coordina la distribuci\u00f3n eficiente de recursos y suministros, asegurando que todos los materiales necesarios est\u00e9n disponibles y en el lugar adecuado en el momento preciso,&#8230;<\/p>","protected":false},"author":2,"featured_media":5145,"parent":0,"menu_order":0,"comment_status":"closed","ping_status":"closed","template":"","meta":{"footnotes":""},"class_list":["post-5126","page","type-page","status-publish","has-post-thumbnail","hentry"],"meta_box":[],"_links":{"self":[{"href":"https:\/\/www.portanaviajes.com\/en\/wp-json\/wp\/v2\/pages\/5126","targetHints":{"allow":["GET"]}}],"collection":[{"href":"https:\/\/www.portanaviajes.com\/en\/wp-json\/wp\/v2\/pages"}],"about":[{"href":"https:\/\/www.portanaviajes.com\/en\/wp-json\/wp\/v2\/types\/page"}],"author":[{"embeddable":true,"href":"https:\/\/www.portanaviajes.com\/en\/wp-json\/wp\/v2\/users\/2"}],"replies":[{"embeddable":true,"href":"https:\/\/www.portanaviajes.com\/en\/wp-json\/wp\/v2\/comments?post=5126"}],"version-history":[{"count":41,"href":"https:\/\/www.portanaviajes.com\/en\/wp-json\/wp\/v2\/pages\/5126\/revisions"}],"predecessor-version":[{"id":5207,"href":"https:\/\/www.portanaviajes.com\/en\/wp-json\/wp\/v2\/pages\/5126\/revisions\/5207"}],"wp:featuredmedia":[{"embeddable":true,"href":"https:\/\/www.portanaviajes.com\/en\/wp-json\/wp\/v2\/media\/5145"}],"wp:attachment":[{"href":"https:\/\/www.portanaviajes.com\/en\/wp-json\/wp\/v2\/media?parent=5126"}],"curies":[{"name":"wp","href":"https:\/\/api.w.org\/{rel}","templated":true}]}}