{"id":912,"date":"2022-07-29T17:42:29","date_gmt":"2022-07-29T17:42:29","guid":{"rendered":"https:\/\/webredox.net\/demo\/wp\/travol\/?page_id=3"},"modified":"2024-08-23T08:12:26","modified_gmt":"2024-08-23T08:12:26","slug":"politica-de-privacidad","status":"publish","type":"page","link":"https:\/\/www.portanaviajes.com\/en\/politica-de-privacidad\/","title":{"rendered":"POLITICAS DE PRIVACIDAD Y TRATAMIENTO DE DATOS"},"content":{"rendered":"<div data-elementor-type=\"wp-page\" data-elementor-id=\"912\" class=\"elementor elementor-912\">\n\t\t\t\t\t\t<section class=\"elementor-section elementor-top-section elementor-element elementor-element-4212a305 elementor-section-boxed elementor-section-height-default elementor-section-height-default\" data-id=\"4212a305\" data-element_type=\"section\" data-e-type=\"section\">\n\t\t\t\t\t\t<div class=\"elementor-container elementor-column-gap-default\">\n\t\t\t\t\t<div class=\"elementor-column elementor-col-100 elementor-top-column elementor-element elementor-element-105e65bd\" data-id=\"105e65bd\" data-element_type=\"column\" data-e-type=\"column\">\n\t\t\t<div class=\"elementor-widget-wrap elementor-element-populated\">\n\t\t\t\t\t\t<div class=\"elementor-element elementor-element-dc60b4c elementor-widget elementor-widget-text-editor\" data-id=\"dc60b4c\" data-element_type=\"widget\" data-e-type=\"widget\" data-widget_type=\"text-editor.default\">\n\t\t\t\t<div class=\"elementor-widget-container\">\n\t\t\t\t\t\t\t\t\t<p class=\"font_8\"><strong>TRATAMIENTO DE DATOS DE CLIENTES<\/strong><\/p>\n<p class=\"font_8\"><span class=\"wixGuard\"><\/span>Datos del responsable del tratamiento:&nbsp;<\/p>\n<p class=\"font_8\">Identidad: <strong>JUAN FERNANDO ORTA G\u00d3MEZ<\/strong>&nbsp;&nbsp;en adelante <strong>PORTANA VIAJES<\/strong><br>Direcci\u00f3n postal: <strong>Calle de las Encinas, 9<\/strong><br>Tel\u00e9fono: <strong>634578880<\/strong> &#8211; Correo electr\u00f3nico: <strong>info@portanaviajes.com<\/strong><\/p>\n<p class=\"font_8\">En PORTANA VIAJES tratamos la informaci\u00f3n que nos facilita con el fin de prestarles el servicio solicitado y realizar su facturaci\u00f3n. Los datos proporcionados se conservar\u00e1n mientras se mantenga la relaci\u00f3n comercial o durante el tiempo necesario para cumplir con las obligaciones legales y atender las posibles responsabilidades que pudieran derivar del cumplimiento de la finalidad para la que los datos fueron recabados. Los datos no se ceder\u00e1n a terceros salvo en los casos en que exista una obligaci\u00f3n legal. Usted tiene derecho a obtener informaci\u00f3n sobre si en PORTANA VIAJES estamos tratando sus datos personales, por lo que puede ejercer sus derechos de acceso, rectificaci\u00f3n, supresi\u00f3n y portabilidad de datos y oposici\u00f3n y limitaci\u00f3n a su tratamiento ante PORTANA VIAJES, Calle de las Encinas, 9 o en la direcci\u00f3n de correo electr\u00f3nico info@portanaviajes.com, adjuntando copia de su DNI o documento equivalente. &nbsp;Asimismo, y especialmente si considera que no ha obtenido satisfacci\u00f3n plena en el ejercicio de sus derechos, podr\u00e1 presentar una reclamaci\u00f3n ante la autoridad nacional de control dirigi\u00e9ndose a estos efectos a la Agencia Espa\u00f1ola de Protecci\u00f3n de Datos, C\/ Jorge Juan, 6 \u2013 28001 Madrid.<\/p>\n<p><strong>TRATAMIENTO DE DATOS DE POTENCIALES CLIENTES<\/strong><\/p>\n<p class=\"font_8\"><span class=\"wixGuard\"><\/span>Datos del responsable del tratamiento:&nbsp;<\/p>\n<p class=\"font_8\"><span class=\"wixGuard\"><\/span>Identidad: <strong>JUAN FERNANDO ORTA G\u00d3MEZ<\/strong>&nbsp;&nbsp;en adelante <strong>PORTANA VIAJES<\/strong><br>Direcci\u00f3n postal: Calle de las Encinas, 9<br>Tel\u00e9fono: <strong>634578880<\/strong> &#8211; Correo electr\u00f3nico: <strong>info@portanaviajes.com<\/strong><\/p>\n<p class=\"font_8\">En <strong>PORTANA VIAJES<\/strong> tratamos la informaci\u00f3n que nos facilita con el fin de prestarles el servicio solicitado o enviarle la informaci\u00f3n requerida. Los datos proporcionados se conservar\u00e1n mientras no se solicite el cese de la actividad. Los datos no se ceder\u00e1n a terceros salvo en los casos en que exista una obligaci\u00f3n legal. Usted tiene derecho a obtener informaci\u00f3n sobre si en PORTANA VIAJES estamos tratando sus datos personales, por lo que puede ejercer sus derechos de acceso, rectificaci\u00f3n, supresi\u00f3n y portabilidad de datos y oposici\u00f3n y limitaci\u00f3n a su tratamiento ante PORTANA VIAJES, Calle de las Encinas, 9 o en la direcci\u00f3n de correo electr\u00f3nico info@portanaviajes.com, adjuntando copia de su DNI o documento equivalente. Asimismo, y especialmente si considera que no ha obtenido satisfacci\u00f3n plena en el ejercicio de sus derechos, podr\u00e1 presentar una reclamaci\u00f3n ante la autoridad nacional de control dirigi\u00e9ndose a estos efectos a la Agencia Espa\u00f1ola de Protecci\u00f3n de Datos, C\/ Jorge Juan, 6 \u2013 28001 Madrid.<\/p>\n<p class=\"font_8\"><span class=\"wixGuard\"><\/span><strong>TRATAMIENTO DE DATOS DE PROVEEDORES<\/strong><\/p>\n<p class=\"font_8\">Datos del responsable del tratamiento:&nbsp;<\/p>\n<p class=\"font_8\">Identidad:<strong> JUAN FERNANDO ORTA G\u00d3MEZ<\/strong> en adelante <strong>PORTANA VIAJES<\/strong><br>Direcci\u00f3n postal: Calle de las Encinas, 9<br>Tel\u00e9fono: <strong>634578880<\/strong> &#8211; Correo electr\u00f3nico: <strong>info@portanaviajes.com<\/strong><\/p>\n<p class=\"font_8\"><span class=\"wixGuard\"><\/span>&nbsp;En PORTANA VIAJES tratamos la informaci\u00f3n que nos facilita con el fin de realizar pedidos y gestionar la facturaci\u00f3n de los productos y servicios contratados. Los datos proporcionados se conservar\u00e1n mientras se mantenga la relaci\u00f3n comercial o durante el tiempo necesario para cumplir con las obligaciones legales y atender las posibles responsabilidades que pudieran derivar del cumplimiento de la finalidad para la que los datos fueron recabados. Los datos no se ceder\u00e1n a terceros salvo en los casos en que exista una obligaci\u00f3n legal. Usted tiene derecho a obtener informaci\u00f3n sobre si en PORTANA VIAJES estamos tratando sus datos personales, por lo que puede ejercer sus derechos de acceso, rectificaci\u00f3n, supresi\u00f3n y portabilidad de datos y oposici\u00f3n y limitaci\u00f3n a su tratamiento ante PORTANA VIAJES, Calle de las Encinas, 9 o en la direcci\u00f3n de correo electr\u00f3nico info@portanaviajes.com, adjuntando copia de su DNI o documento equivalente. Asimismo, y especialmente si considera que no ha obtenido satisfacci\u00f3n plena en el ejercicio de sus derechos, podr\u00e1 presentar una reclamaci\u00f3n ante la autoridad nacional de control dirigi\u00e9ndose a estos efectos a la Agencia Espa\u00f1ola de Protecci\u00f3n de Datos, C\/ Jorge Juan, 6 \u2013 28001 Madrid.\u201d<\/p>\n<p class=\"font_8\"><strong>REGISTRO DE ACTIVIDADES DE TRATAMIENTO<\/strong><\/p>\n<p class=\"font_8\"><strong>Tratamiento: Clientes<\/strong><\/p>\n<p class=\"font_8\">a)Responsable del tratamiento<br>Identidad: <strong>JUAN FERNANDO ORTA G\u00d3MEZ<\/strong><br>Direcci\u00f3n postal: <strong>Calle de las Encinas, 9<\/strong><br>Correo electr\u00f3nico: <strong>info@portanaviajes.com<\/strong><br>Tel\u00e9fono: <strong>634578880<\/strong><br>b)Finalidad del tratamiento<br>Gesti\u00f3n de la relaci\u00f3n con los clientes<br>c)Categor\u00edas de interesados<br>Clientes: Personas con las que se mantiene una relaci\u00f3n comercial como clientes<br>d)Categor\u00edas de datos<br>Los necesarios para el mantenimiento de la relaci\u00f3n comercial. Facturar, enviar publicidad postal o por correo electr\u00f3nico, servicio postventa y fidelizaci\u00f3n<br>De identificaci\u00f3n: nombre y apellidos, NIF, direcci\u00f3n postal, tel\u00e9fonos, e-mail<br>Datos bancarios: para la domiciliaci\u00f3n de pagos<br>e)Categor\u00edas de destinatarios<br>Agencia Estatal de Administraci\u00f3n Tributaria<br>f)Transferencias internacionales<br>No est\u00e1 previsto realizar transferencias internacionales<br>g)Plazo de supresi\u00f3n<br>Los previstos por la legislaci\u00f3n fiscal respecto a la prescripci\u00f3n de responsabilidades<br>h)Medidas de seguridad<br>Las reflejadas en el ANEXO MEDIDAS DE SEGURIDAD<\/p>\n<p class=\"font_8\"><strong>Tratamiento: Potenciales Clientes<\/strong><\/p>\n<p class=\"font_8\">a)Responsable del tratamiento<br>Identidad: <strong>JUAN FERNANDO ORTA G\u00d3MEZ<\/strong>&nbsp;<br>Direcci\u00f3n postal: <strong>Calle de las Encinas, 9<\/strong><br>Correo electr\u00f3nico: <strong>info@portanaviajes.com<\/strong><br>Tel\u00e9fono: <strong>634578880<\/strong><br>b)Finalidad del tratamiento<br>Gesti\u00f3n de la relaci\u00f3n con los potenciales clientes<br>c)Categor\u00edas de interesados<br>Potenciales clientes: Personas con las que se busca mantener una relaci\u00f3n comercial como clientes<br>d)Categor\u00edas de datos<br>Los necesarios para la promoci\u00f3n comercial de la empresa<br>De identificaci\u00f3n: nombre y apellidos y direcci\u00f3n postal, tel\u00e9fonos, e-mail<br>e)Categor\u00edas de destinatarios<br>No se contempla<br>f)Transferencias internacionales<br>No est\u00e1 previsto realizar transferencias internacionales<br>g)Plazo de supresi\u00f3n<br>Un a\u00f1o desde el primer contacto<br>h)Medidas de seguridad<br>Las reflejadas en el ANEXO MEDIDAS DE SEGURIDAD<\/p>\n<p class=\"font_8\"><strong>Tratamiento: Proveedores<\/strong><\/p>\n<p class=\"font_8\">a)Responsable del tratamiento<br>Identidad: <strong>JUAN FERNANDO ORTA G\u00d3MEZ<\/strong>&nbsp;<br>Direcci\u00f3n postal: Calle de las Encinas, 9<br>Correo electr\u00f3nico: <strong>info@portanaviajes.com<\/strong><br>Tel\u00e9fono: <strong>634578880<\/strong><br>b)Finalidad del tratamiento<br>Gesti\u00f3n de la relaci\u00f3n con los proveedores<br>c)Categor\u00edas de interesados<br>Proveedores: Personas con las que se mantiene una relaci\u00f3n comercial como proveedores de productos y\/o servicios<br>d)Categor\u00edas de datos<br>Los necesarios para el mantenimiento de la relaci\u00f3n laboral<br>De identificaci\u00f3n: nombre, NIF, direcci\u00f3n postal, tel\u00e9fonos, e-mail<br>Datos bancarios: para la domiciliaci\u00f3n de pagos<br>e)Categor\u00edas de destinatarios<br>Agencia Estatal de Administraci\u00f3n Tributaria<br>Bancos y entidades financieras<\/p>\n<p class=\"font_8\">f)Transferencias internacionales<br>No est\u00e1 previsto realizar transferencias internacionales<br>g)Plazo de supresi\u00f3n<br>Los previstos por la legislaci\u00f3n fiscal respecto a la prescripci\u00f3n de responsabilidades<br>h)Medidas de seguridad<br>Las reflejadas en el ANEXO MEDIDAS DE SEGURIDAD<\/p>\n<p class=\"font_8\">ANEXO<br><strong>INFORMACI\u00d3N DE INTER\u00c9S GENERAL<\/strong><\/p>\n<p class=\"font_8\">En <strong>PORTANA VIAJES<\/strong> no solicitaremos ni utilizaremos tratamientos de datos personales que incluyan datos personales &nbsp;relativos al origen \u00e9tnico o racial, ideolog\u00eda pol\u00edtica religiosa o filos\u00f3fica, afiliaci\u00f3n sindical, datos gen\u00e9ticos y biom\u00e9tricos, datos de salud, y datos de orientaci\u00f3n sexual de las personas as\u00ed como cualquier otro tratamiento de datos que entra\u00f1e alto riesgo para los derechos y libertades de las personas.<br>El art\u00edculo 5.1.f del Reglamento General de Protecci\u00f3n de Datos (en adelante, RGPD) determina la necesidad de establecer garant\u00edas de seguridad adecuadas contra el tratamiento no autorizado o il\u00edcito, contra la p\u00e9rdida de los datos personales, la destrucci\u00f3n o el da\u00f1o accidental. Esto implica el establecimiento de medidas t\u00e9cnicas y organizativas encaminadas a asegurar la integridad y confidencialidad de los datos personales y la posibilidad de demostrar, tal y como establece el art\u00edculo 5.2, que estas medidas se han llevado a la pr\u00e1ctica (responsabilidad proactiva).<br>Nuestros mecanismos son visibles, accesibles y sencillos para el ejercicio de derechos y tenemos definidos procedimientos internos para garantizar la atenci\u00f3n efectiva de las solicitudes recibidas.<\/p>\n<p class=\"font_8\"><strong>ATENCI\u00d3N DEL EJERCICIO DE DERECHOS<\/strong><\/p>\n<ul>\n<li class=\"font_8\"><span class=\"wixGuard\"><\/span>Previa presentaci\u00f3n de su documento nacional de identidad o pasaporte, los titulares de los datos personales (interesados) podr\u00e1n ejercer sus derechos de acceso, rectificaci\u00f3n, supresi\u00f3n, oposici\u00f3n, portabilidad y limitaci\u00f3n del tratamiento. El ejercicio de los derechos es gratuito.<\/li>\n<\/ul>\n<ul class=\"font_8\">\n<li>\n<p class=\"font_8\">PORTANA VIAJES responsable del tratamiento dar\u00e1 respuesta a los interesados sin dilaci\u00f3n indebida y de forma concisa, transparente, inteligible, con un lenguaje claro y sencillo y conservar\u00e1 la prueba del cumplimiento del deber de responder a las solicitudes de ejercicio de derechos formuladas.<\/p>\n<\/li>\n<li>\n<p class=\"font_8\">Si la solicitud se presenta por medios electr\u00f3nicos, la informaci\u00f3n se facilitar\u00e1 por estos medios cuando sea posible, salvo que el interesado solicite que sea de otro modo.<\/p>\n<\/li>\n<li>\n<p class=\"font_8\">Las solicitudes se responder\u00e1n en el plazo de 1 mes desde su recepci\u00f3n, pudiendo prorrogarse en otros dos meses teniendo en cuenta la complejidad o el n\u00famero de solicitudes, pero en ese caso informaremos al interesado de la pr\u00f3rroga en el plazo de un mes a partir de la recepci\u00f3n de la solicitud, indicando los motivos de la dilaci\u00f3n.<\/p>\n<\/li>\n<\/ul>\n<p class=\"font_8\"><strong>DERECHO DE ACCESO<\/strong>: En el derecho de acceso reconoce que puede dirigirse a PORTANA VIAJES para conocer si est\u00e1 tratando o no sus datos de car\u00e1cter personal, solicitando la finalidad para la que han sido recogidos, la identidad de los destinatarios de los datos, los plazos de conservaci\u00f3n previstos o el criterio utilizado para determinar, la existencia del derecho a solicitar la rectificaci\u00f3n o supresi\u00f3n de datos personales as\u00ed como la limitaci\u00f3n o la oposici\u00f3n a su tratamiento, el derecho a presentar una reclamaci\u00f3n ante la Agencia Espa\u00f1ola de Protecci\u00f3n de Datos y si los datos no han sido obtenidos del interesado, cualquier informaci\u00f3n disponibles sobre su origen. El derecho a obtener copia de los datos no puede afectar negativamente a los derechos y libertades de otros interesados.<\/p>\n<p class=\"font_8\"><strong>DERECHO DE RECTIFICACI\u00d3N<\/strong>: En el derecho de rectificaci\u00f3n se proceder\u00e1 a modificar los datos de los interesados que fueran inexactos o incompletos atendiendo a los fines del tratamiento. Usted deber\u00e1 indicar en la solicitud a qu\u00e9 datos se refiere y la correcci\u00f3n que haya de realizarse, aportando, cuando sea preciso, la documentaci\u00f3n justificativa de la inexactitud o car\u00e1cter incompleto de los datos objeto de tratamiento. &nbsp;Si los datos han sido comunicados por el responsable a otros responsables, le notificaremos la rectificaci\u00f3n de \u00e9stos salvo que sea imposible o exija un esfuerzo desproporcionado, facilitando informaci\u00f3n acerca de dichos destinatarios, si as\u00ed lo solicita.<\/p>\n<p class=\"font_8\"><strong>DERECHO DE SUPRESI\u00d3N<\/strong>:En el derecho de supresi\u00f3n se eliminar\u00e1n sus datos &nbsp;cuando manifieste su negativa al tratamiento y no exista una base legal que lo impida, no sean necesarios en relaci\u00f3n con los fines para los que fueron recogidos, retire el consentimiento prestado y no haya otra base legal que legitime el tratamiento o \u00e9ste sea il\u00edcito. Si la supresi\u00f3n deriva del ejercicio del derecho de oposici\u00f3n de usted al tratamiento de sus datos con fines de mercadotecnia, pueden conservarse sus datos identificativos con el fin de impedir futuros tratamientos. &nbsp;Si los datos han sido comunicados por el responsable a otros responsables, le notificaremos la rectificaci\u00f3n de \u00e9stos salvo que sea imposible o exija un esfuerzo desproporcionado, facilitando informaci\u00f3n acerca de dichos destinatarios, si as\u00ed lo solicita<\/p>\n<p class=\"font_8\"><strong>DERECHO DE OPOSICI\u00d3N<\/strong>: Su derecho de oposici\u00f3n, si usted manifiesta su negativa al tratamiento de sus datos personales dejaremos de procesarlos siempre que no exista una obligaci\u00f3n legal que lo impida. Cuando el tratamiento est\u00e9 basado en una misi\u00f3n de inter\u00e9s p\u00fablico o en el inter\u00e9s leg\u00edtimo de PORTANA VIAJES, ante una solicitud de ejercicio del derecho de oposici\u00f3n, PORTANA VIAJES &nbsp;dejar\u00e1 de tratar los datos salvo que se acrediten motivos imperiosos que prevalezcan sobre los intereses, derechos y libertades del interesado o sean necesarios para la formulaci\u00f3n, ejercicio o defensa de reclamaciones. Si usted se opone al tratamiento con fines de mercadotecnia directa, los datos personales dejar\u00e1n de ser tratados para estos fines.<\/p>\n<p class=\"font_8\"><strong>DERECHO DE PORTABILIDAD<\/strong>: En el derecho de portabilidad, si el tratamiento se efect\u00faa por medios automatizados y se basa en el consentimiento o se realiza en el marco de un contrato, usted puede solicitar recibir copia de sus datos personales en un formato estructurado, de uso com\u00fan y lectura mec\u00e1nica. Asimismo, tiene derecho a solicitar que sean transmitidos directamente a un nuevo responsable, cuya identidad le ser\u00e1 &nbsp;comunicada, cuando sea t\u00e9cnicamente posible.<\/p>\n<p class=\"font_8\"><strong>DERECHO DE LIMITACI\u00d3N AL TRATAMIENTO:<\/strong> En el derecho de limitaci\u00f3n del tratamiento, usted puede solicitar la suspensi\u00f3n del tratamiento de sus datos para impugnar su exactitud mientras PORTANA VIAJES realiza las verificaciones necesarias o en el caso de que el tratamiento se realice en base al inter\u00e9s leg\u00edtimo del responsable o en cumplimiento de una misi\u00f3n de inter\u00e9s p\u00fablico, mientras se verifica si estos motivos prevalecen sobre los intereses, derechos y libertades del interesado. Usted tambi\u00e9n puede solicitar la conservaci\u00f3n de los datos si considera que el tratamiento es il\u00edcito y, en lugar de la supresi\u00f3n, solicita la limitaci\u00f3n del tratamiento, o si aun no necesit\u00e1ndolos ya el responsable para los fines para los que fueron recabados, PORTANA VIAJES los necesita para la formulaci\u00f3n, ejercicio o defensa de reclamaciones. La circunstancia de que el tratamiento de sus datos est\u00e9 limitado deber\u00e1 constar claramente en los sistemas del responsable.Si los datos han sido comunicados por el responsable a otros responsables, deber\u00e1 notificarles la limitaci\u00f3n del tratamiento de estos salvo que sea imposible o exija un esfuerzo desproporcionado, facilitando al interesado informaci\u00f3n acerca de dichos destinatarios, si as\u00ed lo solicita.<\/p>\n<p class=\"font_8\">Si no se da curso a su solicitud, PORTANA VIAJES le informar\u00e1, sin dilaci\u00f3n y a m\u00e1s tardar transcurrido un mes desde la recepci\u00f3n de esta, de las razones de su no actuaci\u00f3n y de la posibilidad de presentar una reclamaci\u00f3n ante la Agencia Espa\u00f1ola de Protecci\u00f3n de Datos y de ejercitar acciones judiciales.<\/p>\n<p class=\"font_8\"><strong><span class=\"wixGuard\"><\/span>MEDIDAS ORGANIZATIVAS<\/strong><\/p>\n<p class=\"font_8\">Todo nuestro personal con acceso a los datos personales tiene conocimiento de sus obligaciones con relaci\u00f3n a los tratamientos de datos personales y ser\u00e1n informados acerca de dichas obligaciones. La informaci\u00f3n m\u00ednima que ser\u00e1 conocida por todo nuestro personal ser\u00e1 la siguiente:<\/p>\n<p class=\"font_8\"><strong>DEBER DE CONFIDENCIALIDAD Y SECRETO<\/strong><span class=\"wixGuard\"><\/span><\/p>\n<ul class=\"font_8\">\n<li>\n<p class=\"font_8\">Evitamos el acceso de personas no autorizadas a los datos personales.A tal fin evitamos dejar los datos personales expuestos a terceros (pantallas electr\u00f3nicas desatendidas, documentos en papel en zonas de acceso p\u00fablico, soportes con datos personales, etc.). Esta consideraci\u00f3n incluye las pantallas que se utilicen para la visualizaci\u00f3n de im\u00e1genes del sistema de videovigilancia. Cuando el personal se ausente del puesto de trabajo, se proceder\u00e1 al bloqueo de la pantalla o al cierre de la sesi\u00f3n.<\/p>\n<\/li>\n<li>\n<p class=\"font_8\">Los documentos en papel y soportes electr\u00f3nicos los almacenamos en lugar seguro (armarios o estancias de acceso restringido) durante las 24 horas del d\u00eda.<\/p>\n<\/li>\n<li>\n<p class=\"font_8\">No desechamos documentos o soportes electr\u00f3nicos (cd, pen drives, discos duros, etc.) con datos personales sin garantizar su destrucci\u00f3n efectiva<\/p>\n<\/li>\n<li>\n<p class=\"font_8\">No comunicamos datos personales o cualquier otra informaci\u00f3n de car\u00e1cter personal a terceros, prestando especial atenci\u00f3n a no divulgar datos personales protegidos durante las consultas telef\u00f3nicas, correos electr\u00f3nicos, etc.<\/p>\n<\/li>\n<li>\n<p class=\"font_8\">El deber de secreto y confidencialidad persiste incluso cuando finalice la relaci\u00f3n laboral del trabajador con la empresa.<\/p>\n<\/li>\n<\/ul>\n<p class=\"font_8\"><strong>VIOLACIONES DE SEGURIDAD DE DATOS DE CAR\u00c1CTER PERSONAL<\/strong><\/p>\n<p class=\"font_8\"><span class=\"wixGuard\"><\/span>Cuando se produzcan violaciones de seguridad de datos de car\u00e1cter personal &nbsp;como, por ejemplo, el robo o acceso indebido a los datos personales se notificar\u00e1 a la Agencia Espa\u00f1ola de Protecci\u00f3n de Datos en t\u00e9rmino de 72 horas acerca de dichas violaciones de seguridad, incluyendo toda la informaci\u00f3n necesaria para el esclarecimiento de los hechos que hubieran dado lugar al acceso indebido a los datos personales. La notificaci\u00f3n se realizar\u00e1 por medios electr\u00f3nicos a trav\u00e9s de la sede electr\u00f3nica de la Agencia Espa\u00f1ola de Protecci\u00f3n de Datos en la direcci\u00f3n https:\/\/sedeagpd.gob.es\/sede-electronica-web\/.<\/p>\n<p class=\"font_8\"><strong>&nbsp;MEDIDAS T\u00c9CNICAS<\/strong><\/p>\n<p class=\"font_8\"><strong><span class=\"wixGuard\"><\/span>1. IDENTIFICACI\u00d3N<\/strong><span class=\"wixGuard\"><\/span><\/p>\n<ul class=\"font_8\">\n<li>\n<p class=\"font_8\">Cuando el mismo ordenador o dispositivo se utilice para el tratamiento de datos personales y fines de uso personal &nbsp;recomendamos disponer de varios perfiles o usuarios distintos para cada una de las finalidades. Deben mantenerse separados los usos profesional y personal del ordenador.<\/p>\n<\/li>\n<li>\n<p class=\"font_8\">Disponemos de perfiles con derechos de administraci\u00f3n para la instalaci\u00f3n y configuraci\u00f3n del sistema y usuarios sin privilegios o derechos de administraci\u00f3n para el acceso a los datos personales. Con esta medida evitamos que en caso de ataque de ciberseguridad puedan obtenerse privilegios de acceso o modificar el sistema operativo.<\/p>\n<\/li>\n<li>\n<p class=\"font_8\">Garantizamos la existencia de contrase\u00f1as para el acceso a los datos personales almacenados en sistemas electr\u00f3nicos. La contrase\u00f1a tendr\u00e1 al menos 8 caracteres, mezcla de n\u00fameros y letras.<\/p>\n<\/li>\n<li>\n<p class=\"font_8\">Cuando a los datos personales accedan distintas personas, para cada persona con acceso a los datos personales, disponemos de un usuario y contrase\u00f1a espec\u00edficos (identificaci\u00f3n inequ\u00edvoca).<\/p>\n<\/li>\n<li>\n<p class=\"font_8\">Garantiamos la confidencialidad de las contrase\u00f1as, evitando que queden expuestas a terceros. En ning\u00fan caso compartimos las contrase\u00f1as ni se dejar\u00e1n anotadas en lugar com\u00fan y el acceso de personas distintas del usuario.<\/p>\n<\/li>\n<\/ul>\n<p class=\"font_8\"><span class=\"wixGuard\"><\/span><strong>2. DEBER DE SALVAGUARDA<\/strong><span class=\"wixGuard\"><\/span><\/p>\n<p class=\"font_8\">A continuaci\u00f3n, exponemos nuestras medidas t\u00e9cnicas m\u00ednimas para garantizar la salvaguarda de los datos personales:<span class=\"wixGuard\"><\/span><\/p>\n<ul class=\"font_8\">\n<li>\n<p class=\"font_8\"><strong>ACTUALIZACI\u00d3N DE ORDENADORES Y DISPOSITIVOS:<\/strong> Los dispositivos y ordenadores utilizados para el almacenamiento y el tratamiento de los datos personales los mantenemos actualizados en la medida posible.&nbsp;<\/p>\n<\/li>\n<li>\n<p class=\"font_8\"><strong>MALWARE:<\/strong> En los ordenadores y dispositivos donde se realice el tratamiento automatizado de los datos personales se dispone de un sistema de antivirus que garantiza en la medida posible el robo y destrucci\u00f3n de la informaci\u00f3n y datos personales. El sistema de antivirus lo actualizamos de forma peri\u00f3dica.<\/p>\n<\/li>\n<li>\n<p class=\"font_8\"><strong>CORTAFUEGOS O FIREWALL:<\/strong> Para evitar accesos remotos indebidos a los datos personales velamos por garantizar la existencia de un firewall activado y correctamente configurado en aquellos ordenadores y dispositivos en los que se realice el almacenamiento y\/o tratamiento de datos personales.<\/p>\n<\/li>\n<li>\n<p class=\"font_8\"><strong>CIFRADO DE DATOS:<\/strong> Cuando se precise realizar la extracci\u00f3n de datos personales fuera del recinto donde se realiza su tratamiento, ya sea por medios f\u00edsicos o por medios electr\u00f3nicos, valoramos la posibilidad de utilizar un m\u00e9todo de encriptaci\u00f3n para garantizar la confidencialidad de los datos personales en caso de acceso indebido a la informaci\u00f3n.<\/p>\n<\/li>\n<li>\n<p class=\"font_8\"><strong>COPIA DE SEGURIDAD:<\/strong> Peri\u00f3dicamente realizamos una copia de seguridad en un segundo soporte distinto del que se utiliza para el trabajo diario. La copia se almacenar\u00e1 en lugar seguro, distinto de aqu\u00e9l en que est\u00e9 ubicado el ordenador con los ficheros originales, con el fin de permitir la recuperaci\u00f3n de los datos personales en caso de p\u00e9rdida de la informaci\u00f3n.&nbsp;<\/p>\n<\/li>\n<\/ul>\n<p class=\"font_8\">Las medidas de seguridad ser\u00e1n revisadas de forma peri\u00f3dica, la revisi\u00f3n podr\u00e1 realizarse por mecanismos autom\u00e1ticos (software o programas inform\u00e1ticos) o de forma manual.&nbsp;<\/p>\t\t\t\t\t\t\t\t<\/div>\n\t\t\t\t<\/div>\n\t\t\t\t\t<\/div>\n\t\t<\/div>\n\t\t\t\t\t<\/div>\n\t\t<\/section>\n\t\t\t\t<\/div>","protected":false},"excerpt":{"rendered":"<p>TRATAMIENTO DE DATOS DE CLIENTES Datos del responsable del tratamiento:&nbsp; Identidad: JUAN FERNANDO ORTA G\u00d3MEZ&nbsp;&nbsp;en adelante PORTANA VIAJESDirecci\u00f3n postal: Calle de las Encinas, 9Tel\u00e9fono: 634578880 &#8211; Correo electr\u00f3nico: info@portanaviajes.com En PORTANA VIAJES tratamos la informaci\u00f3n que nos facilita con el fin de prestarles el&#8230;<\/p>","protected":false},"author":2,"featured_media":0,"parent":0,"menu_order":0,"comment_status":"closed","ping_status":"closed","template":"","meta":{"footnotes":""},"class_list":["post-912","page","type-page","status-publish","hentry"],"meta_box":[],"_links":{"self":[{"href":"https:\/\/www.portanaviajes.com\/en\/wp-json\/wp\/v2\/pages\/912","targetHints":{"allow":["GET"]}}],"collection":[{"href":"https:\/\/www.portanaviajes.com\/en\/wp-json\/wp\/v2\/pages"}],"about":[{"href":"https:\/\/www.portanaviajes.com\/en\/wp-json\/wp\/v2\/types\/page"}],"author":[{"embeddable":true,"href":"https:\/\/www.portanaviajes.com\/en\/wp-json\/wp\/v2\/users\/2"}],"replies":[{"embeddable":true,"href":"https:\/\/www.portanaviajes.com\/en\/wp-json\/wp\/v2\/comments?post=912"}],"version-history":[{"count":9,"href":"https:\/\/www.portanaviajes.com\/en\/wp-json\/wp\/v2\/pages\/912\/revisions"}],"predecessor-version":[{"id":5527,"href":"https:\/\/www.portanaviajes.com\/en\/wp-json\/wp\/v2\/pages\/912\/revisions\/5527"}],"wp:attachment":[{"href":"https:\/\/www.portanaviajes.com\/en\/wp-json\/wp\/v2\/media?parent=912"}],"curies":[{"name":"wp","href":"https:\/\/api.w.org\/{rel}","templated":true}]}}