{"id":975,"date":"2023-09-18T10:24:23","date_gmt":"2023-09-18T10:24:23","guid":{"rendered":"https:\/\/portana.artkvisual.com\/?page_id=975"},"modified":"2026-03-23T15:30:18","modified_gmt":"2026-03-23T15:30:18","slug":"quienes-somos","status":"publish","type":"page","link":"https:\/\/www.portanaviajes.com\/en\/quienes-somos\/","title":{"rendered":"\u00bfQui\u00e9nes Somos?"},"content":{"rendered":"\t\t<div data-elementor-type=\"wp-page\" data-elementor-id=\"975\" class=\"elementor elementor-975\">\n\t\t\t\t\t\t<section class=\"elementor-section elementor-top-section elementor-element elementor-element-3b9c4928 elementor-section-boxed elementor-section-height-default elementor-section-height-default\" data-id=\"3b9c4928\" data-element_type=\"section\" data-e-type=\"section\">\n\t\t\t\t\t\t<div class=\"elementor-container elementor-column-gap-narrow\">\n\t\t\t\t\t<div class=\"elementor-column elementor-col-100 elementor-top-column elementor-element elementor-element-2895e317\" data-id=\"2895e317\" data-element_type=\"column\" data-e-type=\"column\">\n\t\t\t<div class=\"elementor-widget-wrap elementor-element-populated\">\n\t\t\t\t\t\t<div class=\"elementor-section elementor-inner-section elementor-element elementor-element-689fa4f7 elementor-section-full_width elementor-section-height-default elementor-section-height-default\" data-id=\"689fa4f7\" data-element_type=\"section\" data-e-type=\"section\">\n\t\t\t\t\t\t<div class=\"elementor-container elementor-column-gap-default\">\n\t\t\t\t\t<div class=\"elementor-column elementor-col-33 elementor-inner-column elementor-element elementor-element-de22d15\" data-id=\"de22d15\" data-element_type=\"column\" data-e-type=\"column\" data-settings=\"{&quot;animation&quot;:&quot;none&quot;}\">\n\t\t\t<div class=\"elementor-widget-wrap elementor-element-populated\">\n\t\t\t\t\t\t<div class=\"elementor-element elementor-element-4b641bee elementor-widget elementor-widget-text-editor\" data-id=\"4b641bee\" data-element_type=\"widget\" data-e-type=\"widget\" data-settings=\"{&quot;_animation&quot;:&quot;none&quot;}\" data-widget_type=\"text-editor.default\">\n\t\t\t\t<div class=\"elementor-widget-container\">\n\t\t\t\t\t\t\t\t\t<h3>\u200bQuienes somos:<\/h3><p class=\"font_8 wixui-rich-text__text\" style=\"text-align: justify;\">Soy Juan Fernando Orta G\u00f3mez, tengo 54 a\u00f1os y resido en la provincia de Almer\u00eda. Mi formaci\u00f3n acad\u00e9mica se centra en la creaci\u00f3n, gesti\u00f3n y direcci\u00f3n de empresas, cursada en la Escuela de Negocios y Organizaci\u00f3n Industrial de Sevilla. Recientemente, he ampliado mis conocimientos como T\u00e9cnico Superior en Agencia de Viajes y Gesti\u00f3n de Eventos.<\/p><p>\u00a0<\/p><h3>\u200bExperiencia laboral:<\/h3><div class=\"flex max-w-full flex-col flex-grow\"><div class=\"min-h-[20px] text-message flex w-full flex-col items-end gap-2 break-words [.text-message+&amp;]:mt-5 overflow-x-auto whitespace-normal\" dir=\"auto\" data-message-author-role=\"assistant\" data-message-id=\"368fd912-dc67-410a-8fc0-ce1a392c6782\"><div class=\"flex w-full flex-col gap-1 empty:hidden first:pt-[3px]\"><div class=\"markdown prose w-full break-words dark:prose-invert light\"><p>En la \u00faltima d\u00e9cada, mi trayectoria profesional ha estado enfocada en la creaci\u00f3n, desarrollo e implementaci\u00f3n de plataformas digitales de comercio electr\u00f3nico en formatos B2B y B2C. Adem\u00e1s, he compaginado esta labor con mi verdadera pasi\u00f3n: el mundo de la aventura y los raids en moto. Como aficionado profesional, he competido a nivel nacional e internacional, incluyendo el Dakar (2004-2007), y he recorrido innumerables kil\u00f3metros por el desierto africano.<\/p><\/div><\/div><\/div><\/div>\t\t\t\t\t\t\t\t<\/div>\n\t\t\t\t<\/div>\n\t\t\t\t<div class=\"elementor-element elementor-element-434a786 elementor-widget elementor-widget-spacer\" data-id=\"434a786\" data-element_type=\"widget\" data-e-type=\"widget\" data-widget_type=\"spacer.default\">\n\t\t\t\t<div class=\"elementor-widget-container\">\n\t\t\t\t\t\t\t<div class=\"elementor-spacer\">\n\t\t\t<div class=\"elementor-spacer-inner\"><\/div>\n\t\t<\/div>\n\t\t\t\t\t\t<\/div>\n\t\t\t\t<\/div>\n\t\t\t\t\t<\/div>\n\t\t<\/div>\n\t\t\t\t<div class=\"elementor-column elementor-col-33 elementor-inner-column elementor-element elementor-element-2fd14a03\" data-id=\"2fd14a03\" data-element_type=\"column\" data-e-type=\"column\">\n\t\t\t<div class=\"elementor-widget-wrap\">\n\t\t\t\t\t\t\t<\/div>\n\t\t<\/div>\n\t\t\t\t<div class=\"elementor-column elementor-col-33 elementor-inner-column elementor-element elementor-element-2f09cefb\" data-id=\"2f09cefb\" data-element_type=\"column\" data-e-type=\"column\">\n\t\t\t<div class=\"elementor-widget-wrap elementor-element-populated\">\n\t\t\t\t\t\t<div class=\"elementor-element elementor-element-e992721 elementor-absolute elementor-widget elementor-widget-travol-image\" data-id=\"e992721\" data-element_type=\"widget\" data-e-type=\"widget\" data-settings=\"{&quot;_position&quot;:&quot;absolute&quot;}\" data-widget_type=\"travol-image.default\">\n\t\t\t\t<div class=\"elementor-widget-container\">\n\t\t\t\t\t\t\t<div class=\"about\">\r\n\t\t\t<div class=\"img-exp\">\r\n\t\t\t\t<div class=\"about-img\">\r\n\t\t\t\t\t<div class=\"img\"> <img decoding=\"async\" src=\"https:\/\/www.portanaviajes.com\/wp-content\/uploads\/2023\/10\/IMG-20200907-WA0011-1.jpg\" class=\"img-fluid\" alt=\"\"> <\/div>\r\n\t\t\t\t<\/div>\r\n\t\t\t\t\t\t\t\t<div id=\"circle\">\r\n\t\t\t\t\t<svg version=\"1.1\" xmlns=\"http:\/\/www.w3.org\/2000\/svg\" xmlns:xlink=\"http:\/\/www.w3.org\/1999\/xlink\" x=\"0px\" y=\"0px\" width=\"300px\" height=\"300px\" viewBox=\"0 0 300 300\" enable-background=\"new 0 0 300 300\" xml:space=\"preserve\">\r\n\t\t\t\t\t\t<defs>\r\n\t\t\t\t\t\t\t<path id=\"circlePath\" d=\" M 150, 150 m -60, 0 a 60,60 0 0,1 120,0 a 60,60 0 0,1 -120,0 \" \/>\r\n\t\t\t\t\t\t<\/defs>\r\n\t\t\t\t\t\t<circle cx=\"150\" cy=\"100\" r=\"75\" fill=\"none\" \/>\r\n\t\t\t\t\t\t\t<g>\r\n\t\t\t\t\t\t\t\t<use xlink:href=\"#circlePath\" fill=\"none\" \/>\r\n\t\t\t\t\t\t\t\t<text fill=\"#0f2454\">\r\n\t\t\t\t\t\t\t\t\t<textPath xlink:href=\"#circlePath\"> . agencia viajes . turismo activo . agencia viajes . turismo activo <\/textPath>\r\n\t\t\t\t\t\t\t\t<\/text>\r\n\t\t\t\t\t\t\t<\/g>\r\n\t\t\t\t\t<\/svg>\r\n\t\t\t\t<\/div>\r\n\t\t\t\t\t\t\t<\/div>\r\n        <\/div>\r\n\t\t\r\n\t\t\r\n        \t\t\t\t<\/div>\n\t\t\t\t<\/div>\n\t\t\t\t\t<\/div>\n\t\t<\/div>\n\t\t\t\t\t<\/div>\n\t\t<\/div>\n\t\t\t\t\t<\/div>\n\t\t<\/div>\n\t\t\t\t\t<\/div>\n\t\t<\/section>\n\t\t\t\t<section class=\"elementor-section elementor-top-section elementor-element elementor-element-122eb38 elementor-section-boxed elementor-section-height-default elementor-section-height-default\" data-id=\"122eb38\" data-element_type=\"section\" data-e-type=\"section\" data-settings=\"{&quot;background_background&quot;:&quot;classic&quot;}\">\n\t\t\t\t\t\t<div class=\"elementor-container elementor-column-gap-default\">\n\t\t\t\t\t<div class=\"elementor-column elementor-col-100 elementor-top-column elementor-element elementor-element-080a233\" data-id=\"080a233\" data-element_type=\"column\" data-e-type=\"column\">\n\t\t\t<div class=\"elementor-widget-wrap elementor-element-populated\">\n\t\t\t\t\t\t<div class=\"elementor-element elementor-element-b063f67 elementor-widget elementor-widget-heading\" data-id=\"b063f67\" data-element_type=\"widget\" data-e-type=\"widget\" data-widget_type=\"heading.default\">\n\t\t\t\t<div class=\"elementor-widget-container\">\n\t\t\t\t\t<h2 class=\"elementor-heading-title elementor-size-default\"><i>\"Sea Ulises tu gu\u00eda\n\nal viajar por tu vida, compa\u00f1ero.\n\nTapona tus o\u00eddos contra toda sirena,\n\n\u00e1tate al duro m\u00e1stil de tu barca.\n\nY, obediente a tu br\u00fajula secreta,\n\npon rumbo a la aventura irrenunciable:\n\nel viaje hacia ti mismo\"<\/i><\/h2>\t\t\t\t<\/div>\n\t\t\t\t<\/div>\n\t\t\t\t<div class=\"elementor-element elementor-element-f49216c elementor-widget elementor-widget-text-editor\" data-id=\"f49216c\" data-element_type=\"widget\" data-e-type=\"widget\" data-widget_type=\"text-editor.default\">\n\t\t\t\t<div class=\"elementor-widget-container\">\n\t\t\t\t\t\t\t\t\t<p style=\"text-align: center;\"><span style=\"color: #ffffff;\">&#8220;Canci\u00f3n de Aprendizaje\u201d de Aldous Huxley<\/span><\/p>\t\t\t\t\t\t\t\t<\/div>\n\t\t\t\t<\/div>\n\t\t\t\t\t<\/div>\n\t\t<\/div>\n\t\t\t\t\t<\/div>\n\t\t<\/section>\n\t\t\t\t<section class=\"elementor-section elementor-top-section elementor-element elementor-element-f2a4d57 elementor-section-boxed elementor-section-height-default elementor-section-height-default\" data-id=\"f2a4d57\" data-element_type=\"section\" data-e-type=\"section\">\n\t\t\t\t\t\t<div class=\"elementor-container elementor-column-gap-narrow\">\n\t\t\t\t\t<div class=\"elementor-column elementor-col-100 elementor-top-column elementor-element elementor-element-474a625\" data-id=\"474a625\" data-element_type=\"column\" data-e-type=\"column\">\n\t\t\t<div class=\"elementor-widget-wrap elementor-element-populated\">\n\t\t\t\t\t\t<div class=\"elementor-section elementor-inner-section elementor-element elementor-element-e1f4f2a elementor-section-full_width elementor-section-height-default elementor-section-height-default\" data-id=\"e1f4f2a\" data-element_type=\"section\" data-e-type=\"section\">\n\t\t\t\t\t\t<div class=\"elementor-container elementor-column-gap-default\">\n\t\t\t\t\t<div class=\"elementor-column elementor-col-33 elementor-inner-column elementor-element elementor-element-a4f17df\" data-id=\"a4f17df\" data-element_type=\"column\" data-e-type=\"column\">\n\t\t\t<div class=\"elementor-widget-wrap elementor-element-populated\">\n\t\t\t\t\t\t<div class=\"elementor-element elementor-element-733f056 elementor-widget elementor-widget-spacer\" data-id=\"733f056\" data-element_type=\"widget\" data-e-type=\"widget\" data-widget_type=\"spacer.default\">\n\t\t\t\t<div class=\"elementor-widget-container\">\n\t\t\t\t\t\t\t<div class=\"elementor-spacer\">\n\t\t\t<div class=\"elementor-spacer-inner\"><\/div>\n\t\t<\/div>\n\t\t\t\t\t\t<\/div>\n\t\t\t\t<\/div>\n\t\t\t\t<div class=\"elementor-element elementor-element-9ee6eac elementor-absolute elementor-widget elementor-widget-travol-image\" data-id=\"9ee6eac\" data-element_type=\"widget\" data-e-type=\"widget\" data-settings=\"{&quot;_position&quot;:&quot;absolute&quot;}\" data-widget_type=\"travol-image.default\">\n\t\t\t\t<div class=\"elementor-widget-container\">\n\t\t\t\t\t\t\t<div class=\"about\">\r\n\t\t\t<div class=\"img-exp\">\r\n\t\t\t\t<div class=\"about-img\">\r\n\t\t\t\t\t<div class=\"img\"> <img decoding=\"async\" src=\"https:\/\/www.portanaviajes.com\/wp-content\/uploads\/2023\/10\/IMG_2904-1-scaled.jpg\" class=\"img-fluid\" alt=\"Juanfe\"> <\/div>\r\n\t\t\t\t<\/div>\r\n\t\t\t\t\t\t\t\t<div id=\"circle\">\r\n\t\t\t\t\t<svg version=\"1.1\" xmlns=\"http:\/\/www.w3.org\/2000\/svg\" xmlns:xlink=\"http:\/\/www.w3.org\/1999\/xlink\" x=\"0px\" y=\"0px\" width=\"300px\" height=\"300px\" viewBox=\"0 0 300 300\" enable-background=\"new 0 0 300 300\" xml:space=\"preserve\">\r\n\t\t\t\t\t\t<defs>\r\n\t\t\t\t\t\t\t<path id=\"circlePath\" d=\" M 150, 150 m -60, 0 a 60,60 0 0,1 120,0 a 60,60 0 0,1 -120,0 \" \/>\r\n\t\t\t\t\t\t<\/defs>\r\n\t\t\t\t\t\t<circle cx=\"150\" cy=\"100\" r=\"75\" fill=\"none\" \/>\r\n\t\t\t\t\t\t\t<g>\r\n\t\t\t\t\t\t\t\t<use xlink:href=\"#circlePath\" fill=\"none\" \/>\r\n\t\t\t\t\t\t\t\t<text fill=\"#0f2454\">\r\n\t\t\t\t\t\t\t\t\t<textPath xlink:href=\"#circlePath\"> . agencia viajes . turismo activo . agencia viajes . turismo activo <\/textPath>\r\n\t\t\t\t\t\t\t\t<\/text>\r\n\t\t\t\t\t\t\t<\/g>\r\n\t\t\t\t\t<\/svg>\r\n\t\t\t\t<\/div>\r\n\t\t\t\t\t\t\t<\/div>\r\n        <\/div>\r\n\t\t\r\n\t\t\r\n        \t\t\t\t<\/div>\n\t\t\t\t<\/div>\n\t\t\t\t\t<\/div>\n\t\t<\/div>\n\t\t\t\t<div class=\"elementor-column elementor-col-33 elementor-inner-column elementor-element elementor-element-587cce8\" data-id=\"587cce8\" data-element_type=\"column\" data-e-type=\"column\">\n\t\t\t<div class=\"elementor-widget-wrap\">\n\t\t\t\t\t\t\t<\/div>\n\t\t<\/div>\n\t\t\t\t<div class=\"elementor-column elementor-col-33 elementor-inner-column elementor-element elementor-element-e6fcc48\" data-id=\"e6fcc48\" data-element_type=\"column\" data-e-type=\"column\" data-settings=\"{&quot;animation&quot;:&quot;none&quot;}\">\n\t\t\t<div class=\"elementor-widget-wrap elementor-element-populated\">\n\t\t\t\t\t\t<div class=\"elementor-element elementor-element-19d9103 elementor-widget elementor-widget-text-editor\" data-id=\"19d9103\" data-element_type=\"widget\" data-e-type=\"widget\" data-settings=\"{&quot;_animation&quot;:&quot;none&quot;}\" data-widget_type=\"text-editor.default\">\n\t\t\t\t<div class=\"elementor-widget-container\">\n\t\t\t\t\t\t\t\t\t<h3>\u200bMotivos y motivaci\u00f3n:<\/h3><p class=\"font_8 wixui-rich-text__text\" style=\"text-align: justify;\"><span class=\"wixui-rich-text__text\">Despu\u00e9s de kil\u00f3metros, horas, d\u00edas y meses de entrenamiento y numerosos viajes organizados con \u00e9xito, he decidido dedicarme profesionalmente. Mi experiencia y formaci\u00f3n empresarial se completa con el conocimiento de un sector como es el turismo, adquiriendo las competencias necesarias con estudios de nivel superior en Turismo y Gesti\u00f3n de Eventos.\u00a0<strong>Mi objetivo es hacer realidad un proyecto que nace de la formaci\u00f3n, experiencia, y pasi\u00f3n por la naturaleza, la aventura, la familia y el deporte.<\/strong><\/span><\/p><p>\u00a0<\/p><h3>\u200bOrigen de la Idea:<\/h3><p class=\"font_8 wixui-rich-text__text\" style=\"text-align: justify;\"><span class=\"wixui-rich-text__text\">Todo surge ante la satisfacci\u00f3n personal y el reconocimiento de algunos compa\u00f1eros de equipo en la organizaci\u00f3n y desarrollo de viajes estructurados con el objetivo de entrenar para la competici\u00f3n, donde compaginaba el rigor y entrega de una preparaci\u00f3n muy especifica con el placer de disfrutar de los recursos naturales, gastron\u00f3micos y culturales de la zona. Despert\u00f3 en m\u00ed la motivaci\u00f3n suficiente como para poder dedicarme profesionalmente aunque suponga un giro importante en mi vida.<\/span><\/p><p class=\"font_8 wixui-rich-text__text\" style=\"text-align: justify;\"><span class=\"wixui-rich-text__text\">Emprender es una decisi\u00f3n dif\u00edcil de tomar, tenemos miedo a la incertidumbre, al riesgo y al fracaso, pero dedicarse profesionalmente a lo que te gusta, estar comprometido con la sociedad, ser un motor generador de riqueza y empleo, respetando la naturaleza con principios sostenibles es la mayor satisfacci\u00f3n personal que uno puede recibir. No s\u00f3lo es aprovechar una oportunidad o nicho de mercado, es sentirte motivado, \u00fatil, productivo, y si adem\u00e1s consigues hacer realidad deseos inalcanzables para los dem\u00e1s el \u00e9xito est\u00e1 garantizado.<\/span><\/p>\t\t\t\t\t\t\t\t<\/div>\n\t\t\t\t<\/div>\n\t\t\t\t\t<\/div>\n\t\t<\/div>\n\t\t\t\t\t<\/div>\n\t\t<\/div>\n\t\t\t\t\t<\/div>\n\t\t<\/div>\n\t\t\t\t\t<\/div>\n\t\t<\/section>\n\t\t\t\t<\/div>\n\t\t","protected":false},"excerpt":{"rendered":"<p>\u200bQuienes somos: Soy Juan Fernando Orta G\u00f3mez, tengo 54 a\u00f1os y resido en la provincia de Almer\u00eda. Mi formaci\u00f3n acad\u00e9mica se centra en la creaci\u00f3n, gesti\u00f3n y direcci\u00f3n de empresas, cursada en la Escuela de Negocios y Organizaci\u00f3n Industrial de Sevilla. Recientemente, he ampliado&#8230;<\/p>","protected":false},"author":2,"featured_media":0,"parent":0,"menu_order":0,"comment_status":"closed","ping_status":"closed","template":"","meta":{"footnotes":""},"class_list":["post-975","page","type-page","status-publish","hentry"],"meta_box":[],"_links":{"self":[{"href":"https:\/\/www.portanaviajes.com\/en\/wp-json\/wp\/v2\/pages\/975","targetHints":{"allow":["GET"]}}],"collection":[{"href":"https:\/\/www.portanaviajes.com\/en\/wp-json\/wp\/v2\/pages"}],"about":[{"href":"https:\/\/www.portanaviajes.com\/en\/wp-json\/wp\/v2\/types\/page"}],"author":[{"embeddable":true,"href":"https:\/\/www.portanaviajes.com\/en\/wp-json\/wp\/v2\/users\/2"}],"replies":[{"embeddable":true,"href":"https:\/\/www.portanaviajes.com\/en\/wp-json\/wp\/v2\/comments?post=975"}],"version-history":[{"count":47,"href":"https:\/\/www.portanaviajes.com\/en\/wp-json\/wp\/v2\/pages\/975\/revisions"}],"predecessor-version":[{"id":8721,"href":"https:\/\/www.portanaviajes.com\/en\/wp-json\/wp\/v2\/pages\/975\/revisions\/8721"}],"wp:attachment":[{"href":"https:\/\/www.portanaviajes.com\/en\/wp-json\/wp\/v2\/media?parent=975"}],"curies":[{"name":"wp","href":"https:\/\/api.w.org\/{rel}","templated":true}]}}